{"id":1223,"date":"2024-04-23T09:47:18","date_gmt":"2024-04-23T07:47:18","guid":{"rendered":"https:\/\/www.paul-guenther-schule.de\/?page_id=1223"},"modified":"2025-12-11T09:53:50","modified_gmt":"2025-12-11T08:53:50","slug":"100-jahre-pauli","status":"publish","type":"page","link":"https:\/\/www.paul-guenther-schule.de\/index.php\/100-jahre-pauli\/","title":{"rendered":"100 Jahre Pauli"},"content":{"rendered":"<section id=\"builder-section-text_128\" class=\"builder-section-first builder-section builder-section-text builder-section-next-text builder-text-columns-1\" style=\"background-size: cover; background-repeat: no-repeat;background-position: center center;\">\n<h3 class=\"builder-text-section-title\">\n        100 Jahre Pauli \u2013 Festakt    <\/h3>\n<div class=\"builder-section-content\">\n<div class=\"builder-text-row\">\n<div class=\"builder-text-column builder-text-column-1\" id=\"builder-section-text_128-column-1\">\n<div class=\"builder-text-content\">\n<p>Anl\u00e4sslich des 100j\u00e4hrigen Jubil\u00e4ums der Paul-Guenther-Schule fand am 01.10.2025 eine Festveranstaltung im B\u00fcrgerhaus statt.<\/p>\n<p>Bei einem Sektempfang kamen ehemalige und heutige Lehrkr\u00e4fte sowie Vertreter aus Politik, dem Landesamt f\u00fcr Schule und Bildung, Vereinen und weitere Unterst\u00fctzer der Pauli ins Gespr\u00e4ch.<\/p>\n<p>Nach der Begr\u00fc\u00dfung durch die Schulleiterinnen Frau Kuhn (Grundschule) und Frau Vockerodt (Oberschule) erhielten die G\u00e4ste per Video einen kleinen Einblick in das Trommelprojekt der Grundschule, welches zum Tag der offenen T\u00fcr pr\u00e4sentiert wurde.<\/p>\n<p>\u00a0 \u00a0 \u00a0 <a href=\"https:\/\/www.paul-guenther-schule.de\/wp-content\/uploads\/2025\/11\/IMG-20251002-WA0005.jpg\"><img loading=\"lazy\" decoding=\"async\" class=\"alignnone wp-image-1669 size-medium\" src=\"https:\/\/www.paul-guenther-schule.de\/wp-content\/uploads\/2025\/11\/IMG-20251002-WA0005-300x225.jpg\" alt=\"\" width=\"300\" height=\"225\" srcset=\"https:\/\/www.paul-guenther-schule.de\/wp-content\/uploads\/2025\/11\/IMG-20251002-WA0005-300x225.jpg 300w, https:\/\/www.paul-guenther-schule.de\/wp-content\/uploads\/2025\/11\/IMG-20251002-WA0005-1024x768.jpg 1024w, https:\/\/www.paul-guenther-schule.de\/wp-content\/uploads\/2025\/11\/IMG-20251002-WA0005-768x576.jpg 768w, https:\/\/www.paul-guenther-schule.de\/wp-content\/uploads\/2025\/11\/IMG-20251002-WA0005-1536x1152.jpg 1536w, https:\/\/www.paul-guenther-schule.de\/wp-content\/uploads\/2025\/11\/IMG-20251002-WA0005.jpg 2000w\" sizes=\"auto, (max-width: 300px) 100vw, 300px\" \/><\/a><\/p>\n<p>Unser Kultusminister Conrad Clemens dankte in seiner Rede dem Engagement von Paul Guenther und seinen Nachfahren und w\u00fcrdigte die Arbeit der Lehrerinnen und Lehrer sowohl von damals als auch von heute.<\/p>\n<p>Weiterhin \u00fcbermittelten Herr Ahnicke, Leiter des Referates Oberschulen LaSuB Leipzig, Herr R\u00e4tzsch in Vertretung f\u00fcr den OBM Herrn Rudolph und Herr Quendt, Vorsitzender des F\u00f6rdervereins der Paul-Guenther-Schule Gru\u00dfworte und Gl\u00fcckw\u00fcnsche.<\/p>\n<p>Der Festakt wurde mit viel Charme und Witz von Sch\u00fclern der Grund- und Oberschule Marie Selinger, Wilhelm Stein und Alena Hennig moderiert.<\/p>\n<p>Die Sch\u00fclerinnen und Sch\u00fcler des Ganztagsangebotes Musical gaben mit einem Lied des vergangenen Musicals \u201eMadagascar\u201c und dem neuen Musical \u201eAnnie\u201c einen Vorgeschmack auf die Premiere am 13. Juni 2026.<\/p>\n<p><a href=\"https:\/\/www.paul-guenther-schule.de\/wp-content\/uploads\/2025\/11\/IMG-20251002-WA0002.jpg\"><img loading=\"lazy\" decoding=\"async\" class=\"alignnone wp-image-1675 size-medium\" src=\"https:\/\/www.paul-guenther-schule.de\/wp-content\/uploads\/2025\/11\/IMG-20251002-WA0002-300x225.jpg\" alt=\"\" width=\"300\" height=\"225\" srcset=\"https:\/\/www.paul-guenther-schule.de\/wp-content\/uploads\/2025\/11\/IMG-20251002-WA0002-300x225.jpg 300w, https:\/\/www.paul-guenther-schule.de\/wp-content\/uploads\/2025\/11\/IMG-20251002-WA0002-1024x768.jpg 1024w, https:\/\/www.paul-guenther-schule.de\/wp-content\/uploads\/2025\/11\/IMG-20251002-WA0002-768x576.jpg 768w, https:\/\/www.paul-guenther-schule.de\/wp-content\/uploads\/2025\/11\/IMG-20251002-WA0002-1536x1152.jpg 1536w, https:\/\/www.paul-guenther-schule.de\/wp-content\/uploads\/2025\/11\/IMG-20251002-WA0002.jpg 2000w\" sizes=\"auto, (max-width: 300px) 100vw, 300px\" \/><\/a>\u00a0 \u00a0 <a href=\"https:\/\/www.paul-guenther-schule.de\/wp-content\/uploads\/2025\/11\/bild3-scaled.jpg\"><img loading=\"lazy\" decoding=\"async\" class=\"alignnone wp-image-1678\" src=\"https:\/\/www.paul-guenther-schule.de\/wp-content\/uploads\/2025\/11\/bild3-196x300.jpg\" alt=\"\" width=\"148\" height=\"227\" srcset=\"https:\/\/www.paul-guenther-schule.de\/wp-content\/uploads\/2025\/11\/bild3-196x300.jpg 196w, https:\/\/www.paul-guenther-schule.de\/wp-content\/uploads\/2025\/11\/bild3-669x1024.jpg 669w, https:\/\/www.paul-guenther-schule.de\/wp-content\/uploads\/2025\/11\/bild3-768x1176.jpg 768w, https:\/\/www.paul-guenther-schule.de\/wp-content\/uploads\/2025\/11\/bild3-1003x1536.jpg 1003w, https:\/\/www.paul-guenther-schule.de\/wp-content\/uploads\/2025\/11\/bild3-1338x2048.jpg 1338w, https:\/\/www.paul-guenther-schule.de\/wp-content\/uploads\/2025\/11\/bild3-scaled.jpg 1672w\" sizes=\"auto, (max-width: 148px) 100vw, 148px\" \/><\/a><\/p>\n<p>Anne H\u00fcbner, Nico Klisch, Janko Bellmann sorgten ebenfalls mit einer hervorragenden musikalischen Darbietung f\u00fcr festliche Stimmung.<\/p>\n<p>Chase Glomstedt, ehemaliger Fremdsprachenassistent, und Sophie Sch\u00e4fer, ehemalige Sch\u00fclerin der Pauli, sendeten per Videobotschaft herzliche Gr\u00fc\u00dfe und Gl\u00fcckw\u00fcnsche nach Geithain.<\/p>\n<p>Als Erinnerung erhielten alle G\u00e4ste eine Eulen-Spardose mit Gl\u00fcck-Cent als Geschenk \u2013hergestellt in der Behindertenwerkstatt und finanziert durch den F\u00f6rderverein.<\/p>\n<p><a href=\"https:\/\/www.paul-guenther-schule.de\/wp-content\/uploads\/2025\/11\/IMG-20251001-WA0017.jpg\"><img loading=\"lazy\" decoding=\"async\" class=\"alignnone wp-image-1670\" src=\"https:\/\/www.paul-guenther-schule.de\/wp-content\/uploads\/2025\/11\/IMG-20251001-WA0017-225x300.jpg\" alt=\"\" width=\"182\" height=\"243\" srcset=\"https:\/\/www.paul-guenther-schule.de\/wp-content\/uploads\/2025\/11\/IMG-20251001-WA0017-225x300.jpg 225w, https:\/\/www.paul-guenther-schule.de\/wp-content\/uploads\/2025\/11\/IMG-20251001-WA0017-768x1024.jpg 768w, https:\/\/www.paul-guenther-schule.de\/wp-content\/uploads\/2025\/11\/IMG-20251001-WA0017-1152x1536.jpg 1152w, https:\/\/www.paul-guenther-schule.de\/wp-content\/uploads\/2025\/11\/IMG-20251001-WA0017.jpg 1200w\" sizes=\"auto, (max-width: 182px) 100vw, 182px\" \/><\/a>\u00a0 \u00a0 <a href=\"https:\/\/www.paul-guenther-schule.de\/wp-content\/uploads\/2025\/11\/bild2.jpg\"><img loading=\"lazy\" decoding=\"async\" class=\"alignnone wp-image-1679 \" src=\"https:\/\/www.paul-guenther-schule.de\/wp-content\/uploads\/2025\/11\/bild2-300x158.jpg\" alt=\"\" width=\"397\" height=\"209\" srcset=\"https:\/\/www.paul-guenther-schule.de\/wp-content\/uploads\/2025\/11\/bild2-300x158.jpg 300w, https:\/\/www.paul-guenther-schule.de\/wp-content\/uploads\/2025\/11\/bild2-768x404.jpg 768w, https:\/\/www.paul-guenther-schule.de\/wp-content\/uploads\/2025\/11\/bild2.jpg 912w\" sizes=\"auto, (max-width: 397px) 100vw, 397px\" \/><\/a><\/p>\n<p>Ein gro\u00dfes Dankesch\u00f6n geht an alle, die zu diesem gelungenen Abend beigetragen haben, insbesondere f\u00fcr finanzielle oder s\u00e4chliche Unterst\u00fctzung: Speiseservice Schiener, Herr Michael Rosenhoff, F\u00f6rderverein der Schule, Stadt Geithain.<\/p>\n<p><em>Schulleitungen der Pauli<\/em><\/p>\n<\/p><\/div>\n<\/p><\/div>\n<\/p><\/div>\n<\/p><\/div>\n<\/section>\n<section id=\"builder-section-text_114\" class=\"builder-section-prev-text builder-section builder-section-text builder-section-next-text builder-text-columns-1\" style=\"background-size: cover; background-repeat: no-repeat;background-position: center center;\">\n<h3 class=\"builder-text-section-title\">\n        100 Jahre Pauli \u2013 Familiennachmittag    <\/h3>\n<div class=\"builder-section-content\">\n<div class=\"builder-text-row\">\n<div class=\"builder-text-column builder-text-column-1\" id=\"builder-section-text_114-column-1\">\n<div class=\"builder-text-content\">\n<p>Am 27. September 2025 feierte die Paul-Guenther-Schule gemeinsam mit zahlreichen Sch\u00fclerinnen, Sch\u00fclern, Eltern und G\u00e4sten ihr 100-j\u00e4hriges Jubil\u00e4um.<\/p>\n<p>Den Auftakt des Familiennachmittags gestalteten die Grundsch\u00fclerinnen und Grundsch\u00fcler mit einer mitrei\u00dfenden Trommelauff\u00fchrung. Eine Woche lang hatten sie gemeinsam mit Trainer Fallou die Geschichte der kleinen Trommel <em>Djembi<\/em> einstudiert \u2013 mit viel Rhythmus, Tanz und liebevoll selbst gestalteten Kost\u00fcmen.<\/p>\n<p><a href=\"https:\/\/www.paul-guenther-schule.de\/wp-content\/uploads\/2025\/11\/IMG_0024-scaled.jpg\"><img loading=\"lazy\" decoding=\"async\" class=\"alignnone wp-image-1662 size-medium\" src=\"https:\/\/www.paul-guenther-schule.de\/wp-content\/uploads\/2025\/11\/IMG_0024-300x200.jpg\" alt=\"\" width=\"300\" height=\"200\" srcset=\"https:\/\/www.paul-guenther-schule.de\/wp-content\/uploads\/2025\/11\/IMG_0024-300x200.jpg 300w, https:\/\/www.paul-guenther-schule.de\/wp-content\/uploads\/2025\/11\/IMG_0024-1024x683.jpg 1024w, https:\/\/www.paul-guenther-schule.de\/wp-content\/uploads\/2025\/11\/IMG_0024-768x512.jpg 768w, https:\/\/www.paul-guenther-schule.de\/wp-content\/uploads\/2025\/11\/IMG_0024-1536x1024.jpg 1536w, https:\/\/www.paul-guenther-schule.de\/wp-content\/uploads\/2025\/11\/IMG_0024-2048x1365.jpg 2048w\" sizes=\"auto, (max-width: 300px) 100vw, 300px\" \/><\/a>\u00a0 \u00a0 \u00a0 <a href=\"https:\/\/www.paul-guenther-schule.de\/wp-content\/uploads\/2025\/11\/IMG_0031-scaled.jpg\"><img loading=\"lazy\" decoding=\"async\" class=\"alignnone wp-image-1663 size-medium\" src=\"https:\/\/www.paul-guenther-schule.de\/wp-content\/uploads\/2025\/11\/IMG_0031-300x200.jpg\" alt=\"\" width=\"300\" height=\"200\" srcset=\"https:\/\/www.paul-guenther-schule.de\/wp-content\/uploads\/2025\/11\/IMG_0031-300x200.jpg 300w, https:\/\/www.paul-guenther-schule.de\/wp-content\/uploads\/2025\/11\/IMG_0031-1024x683.jpg 1024w, https:\/\/www.paul-guenther-schule.de\/wp-content\/uploads\/2025\/11\/IMG_0031-768x512.jpg 768w, https:\/\/www.paul-guenther-schule.de\/wp-content\/uploads\/2025\/11\/IMG_0031-1536x1024.jpg 1536w, https:\/\/www.paul-guenther-schule.de\/wp-content\/uploads\/2025\/11\/IMG_0031-2048x1365.jpg 2048w\" sizes=\"auto, (max-width: 300px) 100vw, 300px\" \/><\/a><\/p>\n<p><a href=\"https:\/\/www.paul-guenther-schule.de\/wp-content\/uploads\/2025\/11\/IMG_0439-scaled.jpg\"><img loading=\"lazy\" decoding=\"async\" class=\"alignnone wp-image-1666\" src=\"https:\/\/www.paul-guenther-schule.de\/wp-content\/uploads\/2025\/11\/IMG_0439-300x200.jpg\" alt=\"\" width=\"267\" height=\"178\" srcset=\"https:\/\/www.paul-guenther-schule.de\/wp-content\/uploads\/2025\/11\/IMG_0439-300x200.jpg 300w, https:\/\/www.paul-guenther-schule.de\/wp-content\/uploads\/2025\/11\/IMG_0439-1024x683.jpg 1024w, https:\/\/www.paul-guenther-schule.de\/wp-content\/uploads\/2025\/11\/IMG_0439-768x512.jpg 768w, https:\/\/www.paul-guenther-schule.de\/wp-content\/uploads\/2025\/11\/IMG_0439-1536x1024.jpg 1536w, https:\/\/www.paul-guenther-schule.de\/wp-content\/uploads\/2025\/11\/IMG_0439-2048x1365.jpg 2048w\" sizes=\"auto, (max-width: 267px) 100vw, 267px\" \/><\/a>\u00a0 \u00a0 \u00a0 <a href=\"https:\/\/www.paul-guenther-schule.de\/wp-content\/uploads\/2025\/11\/IMG_0446-1-scaled.jpg\"><img loading=\"lazy\" decoding=\"async\" class=\"alignnone wp-image-1665 size-medium\" src=\"https:\/\/www.paul-guenther-schule.de\/wp-content\/uploads\/2025\/11\/IMG_0446-1-200x300.jpg\" alt=\"\" width=\"200\" height=\"300\" srcset=\"https:\/\/www.paul-guenther-schule.de\/wp-content\/uploads\/2025\/11\/IMG_0446-1-200x300.jpg 200w, https:\/\/www.paul-guenther-schule.de\/wp-content\/uploads\/2025\/11\/IMG_0446-1-683x1024.jpg 683w, https:\/\/www.paul-guenther-schule.de\/wp-content\/uploads\/2025\/11\/IMG_0446-1-768x1152.jpg 768w, https:\/\/www.paul-guenther-schule.de\/wp-content\/uploads\/2025\/11\/IMG_0446-1-1024x1536.jpg 1024w, https:\/\/www.paul-guenther-schule.de\/wp-content\/uploads\/2025\/11\/IMG_0446-1-1365x2048.jpg 1365w, https:\/\/www.paul-guenther-schule.de\/wp-content\/uploads\/2025\/11\/IMG_0446-1-scaled.jpg 1707w\" sizes=\"auto, (max-width: 200px) 100vw, 200px\" \/><\/a>\u00a0 \u00a0 \u00a0 <a href=\"https:\/\/www.paul-guenther-schule.de\/wp-content\/uploads\/2025\/11\/IMG_0443-scaled.jpg\"><img loading=\"lazy\" decoding=\"async\" class=\"alignnone wp-image-1667 size-medium\" src=\"https:\/\/www.paul-guenther-schule.de\/wp-content\/uploads\/2025\/11\/IMG_0443-300x200.jpg\" alt=\"\" width=\"300\" height=\"200\" srcset=\"https:\/\/www.paul-guenther-schule.de\/wp-content\/uploads\/2025\/11\/IMG_0443-300x200.jpg 300w, https:\/\/www.paul-guenther-schule.de\/wp-content\/uploads\/2025\/11\/IMG_0443-1024x683.jpg 1024w, https:\/\/www.paul-guenther-schule.de\/wp-content\/uploads\/2025\/11\/IMG_0443-768x512.jpg 768w, https:\/\/www.paul-guenther-schule.de\/wp-content\/uploads\/2025\/11\/IMG_0443-1536x1024.jpg 1536w, https:\/\/www.paul-guenther-schule.de\/wp-content\/uploads\/2025\/11\/IMG_0443-2048x1365.jpg 2048w\" sizes=\"auto, (max-width: 300px) 100vw, 300px\" \/><\/a><\/p>\n<p>Im Anschluss sorgte der Geithainer Musikverein im Festzelt f\u00fcr den musikalischen Rahmen, w\u00e4hrend bei Kaffee und Kuchen Zeit f\u00fcr Gespr\u00e4che und Begegnungen war. In den Klassenr\u00e4umen luden verschiedene Stationen zum Mitmachen und Entdecken ein: Es wurde experimentiert, gebastelt und \u00fcber die vielseitige Geschichte der Pauli informiert. Auch Erinnerungen an fr\u00fchere Schulzeiten wurden dabei lebendig.<\/p>\n<p>Interessierte Besucherinnen und Besucher konnten sich zudem von Sch\u00fclerinnen und Sch\u00fclern durch das Schulhaus f\u00fchren lassen. Mitglieder des F\u00f6rdervereins erm\u00f6glichten au\u00dferdem den Aufstieg auf den Turm \u2013 mit einem beeindruckenden Blick \u00fcber Geithain.<\/p>\n<p>Der Sch\u00fclerrat organisierte eine Tombola, bei der dank zahlreicher Spenden viele attraktive Preise gewonnen werden konnten.<\/p>\n<p>Zum Ausklang des Abends sorgte DJ Carma f\u00fcr gute Stimmung und lud zum Tanzen ein. F\u00fcr das leibliche Wohl sorgten die Sch\u00fclerfirma sowie Familie Kr\u00e4cker und Familie Sander.<\/p>\n<p>Ein herzliches Dankesch\u00f6n an alle, die dazu beigetragen haben, dass dieser Familiennachmittag zu einer rundum gelungenen Jubil\u00e4umsfeier wurde!<\/p>\n<\/p><\/div>\n<\/p><\/div>\n<\/p><\/div>\n<\/p><\/div>\n<\/section>\n<section id=\"builder-section-text_100\" class=\"builder-section-prev-text builder-section builder-section-text builder-section-next-text builder-text-columns-1\" style=\"background-size: cover; background-repeat: no-repeat;background-position: center center;\">\n<div class=\"builder-section-content\">\n<div class=\"builder-text-row\">\n<div class=\"builder-text-column builder-text-column-1\" id=\"builder-section-text_100-column-1\">\n<div class=\"builder-text-content\">\n<figure id=\"attachment_1616\" aria-describedby=\"caption-attachment-1616\" style=\"width: 960px\" class=\"wp-caption aligncenter\"><a href=\"https:\/\/www.paul-guenther-schule.de\/wp-content\/uploads\/2025\/08\/100jahre-scaled.jpg\"><img loading=\"lazy\" decoding=\"async\" class=\"wp-image-1616 size-large\" src=\"https:\/\/www.paul-guenther-schule.de\/wp-content\/uploads\/2025\/08\/100jahre-1024x576.jpg\" alt=\"\" width=\"960\" height=\"540\" srcset=\"https:\/\/www.paul-guenther-schule.de\/wp-content\/uploads\/2025\/08\/100jahre-1024x576.jpg 1024w, https:\/\/www.paul-guenther-schule.de\/wp-content\/uploads\/2025\/08\/100jahre-300x169.jpg 300w, https:\/\/www.paul-guenther-schule.de\/wp-content\/uploads\/2025\/08\/100jahre-768x432.jpg 768w, https:\/\/www.paul-guenther-schule.de\/wp-content\/uploads\/2025\/08\/100jahre-1536x864.jpg 1536w, https:\/\/www.paul-guenther-schule.de\/wp-content\/uploads\/2025\/08\/100jahre-2048x1152.jpg 2048w\" sizes=\"auto, (max-width: 960px) 100vw, 960px\" \/><\/a><figcaption id=\"caption-attachment-1616\" class=\"wp-caption-text\">\u00a0<\/figcaption><\/figure>\n<\/p><\/div>\n<\/p><\/div>\n<\/p><\/div>\n<\/p><\/div>\n<\/section>\n<section id=\"builder-section-text_1523\" class=\"builder-section-prev-text builder-section builder-section-text builder-section-next-text builder-text-columns-3\" style=\"background-size: cover; background-repeat: no-repeat;background-position: center center;\">\n<div class=\"builder-section-content\">\n<div class=\"builder-text-row\">\n<div class=\"builder-text-column builder-text-column-1\" id=\"builder-section-text_1523-column-1\">\n<div class=\"builder-text-content\">\n<p><img loading=\"lazy\" decoding=\"async\" class=\"alignnone size-medium wp-image-1515\" src=\"https:\/\/www.paul-guenther-schule.de\/wp-content\/uploads\/2025\/03\/1741260688910-5a273b2e-4aa2-422e-8899-033a34e1e33a_1-e1741260739894-212x300.jpg\" alt=\"\" width=\"212\" height=\"300\" srcset=\"https:\/\/www.paul-guenther-schule.de\/wp-content\/uploads\/2025\/03\/1741260688910-5a273b2e-4aa2-422e-8899-033a34e1e33a_1-e1741260739894-212x300.jpg 212w, https:\/\/www.paul-guenther-schule.de\/wp-content\/uploads\/2025\/03\/1741260688910-5a273b2e-4aa2-422e-8899-033a34e1e33a_1-e1741260739894.jpg 723w\" sizes=\"auto, (max-width: 212px) 100vw, 212px\" \/><\/p>\n<\/p><\/div>\n<\/p><\/div>\n<div class=\"builder-text-column builder-text-column-2\" id=\"builder-section-text_1523-column-2\">\n<div class=\"builder-text-content\">\n<p><span style=\"color: #ffcc00;\">Wir bedanken uns recht herzlich bei allen Spendern:<\/span><\/p>\n<p><span style=\"color: #ffcc00;\">AWO Kreisverband Leipziger Land e.V.<\/span><br \/><span style=\"color: #ffcc00;\">Stadt Geithain<\/span><br \/><span style=\"color: #ffcc00;\">1. FC Lokomotive Leipzig<\/span><br \/><span style=\"color: #ffcc00;\">Frau Wehnert<\/span><br \/><span style=\"color: #ffcc00;\">F\u00f6rderverein der Paul-Guenther-Schule Geithain e.V.<\/span><br \/><span style=\"color: #ffcc00;\">Dr. Veit Hegenbarth<\/span><br \/><span style=\"color: #ffcc00;\">Puschendorf Textilservice GmbH<\/span><br \/><span style=\"color: #ffcc00;\">Cosimo GmbH<\/span><br \/><span style=\"color: #ffcc00;\">Naturstein Hirsch Geithain<\/span><br \/><span style=\"color: #ffcc00;\">Jana Schirmer<\/span><br \/><span style=\"color: #ffcc00;\">Daniel Boesche<\/span><br \/><span style=\"color: #ffcc00;\">Firma Schiener<\/span><br \/><span style=\"color: #ffcc00;\">Hotel Leipziger Land<\/span><br \/><span style=\"color: #ffcc00;\">Michael Rosenhoff<br \/>Achim Zennig<\/span><\/p>\n<\/p><\/div>\n<\/p><\/div>\n<div class=\"builder-text-column builder-text-column-3\" id=\"builder-section-text_1523-column-3\">\n<div class=\"builder-text-content\">\n\t\t\t\t\t\t\t\t\t\t\t<\/div>\n<\/p><\/div>\n<\/p><\/div>\n<\/p><\/div>\n<\/section>\n<section id=\"builder-section-text_130\" class=\"builder-section-prev-text builder-section builder-section-text builder-section-next-text builder-text-columns-1\" style=\"background-size: cover; background-repeat: no-repeat;background-position: center center;\">\n<h3 class=\"builder-text-section-title\">\n        Schlaueste Klasse der Pauli gesucht    <\/h3>\n<div class=\"builder-section-content\">\n<div class=\"builder-text-row\">\n<div class=\"builder-text-column builder-text-column-1\" id=\"builder-section-text_130-column-1\">\n<div class=\"builder-text-content\">\n<p>Im Rahmen des 100j\u00e4hrigen Jubil\u00e4ums der Paul-Guenther-Schule Geithain wurde am Montag, 29. September 2025 an der Oberschule die schlaueste Klasse gesucht. W\u00e4hrend der Schulolympiade stellten die Sch\u00fclerinnen und Sch\u00fcler in 11 verschiedenen F\u00e4chern ihr Wissen unter Beweis. Nach der Auswertung ergab sich folgendes Ergebnis:<\/p>\n<ol>\n<li>Platz: Klasse 6a<\/li>\n<li>Platz: Klasse 6b<\/li>\n<li>Platz: Klasse 5b, 7b<\/li>\n<\/ol>\n<p>Herzlichen Gl\u00fcckwunsch den Gewinnern. F\u00fcr diese hervorragende Leistung wird der F\u00f6rderverein der Pauli die Klasse 6a beim n\u00e4chsten Wandertag unterst\u00fctzen.<\/p>\n<p><a href=\"https:\/\/www.paul-guenther-schule.de\/wp-content\/uploads\/2025\/12\/schlaueste-Klasse.jpg\"><img loading=\"lazy\" decoding=\"async\" class=\"alignnone wp-image-1689 size-medium\" src=\"https:\/\/www.paul-guenther-schule.de\/wp-content\/uploads\/2025\/12\/schlaueste-Klasse-300x225.jpg\" alt=\"\" width=\"300\" height=\"225\" srcset=\"https:\/\/www.paul-guenther-schule.de\/wp-content\/uploads\/2025\/12\/schlaueste-Klasse-300x225.jpg 300w, https:\/\/www.paul-guenther-schule.de\/wp-content\/uploads\/2025\/12\/schlaueste-Klasse-1024x768.jpg 1024w, https:\/\/www.paul-guenther-schule.de\/wp-content\/uploads\/2025\/12\/schlaueste-Klasse-768x576.jpg 768w, https:\/\/www.paul-guenther-schule.de\/wp-content\/uploads\/2025\/12\/schlaueste-Klasse-1536x1152.jpg 1536w, https:\/\/www.paul-guenther-schule.de\/wp-content\/uploads\/2025\/12\/schlaueste-Klasse.jpg 1600w\" sizes=\"auto, (max-width: 300px) 100vw, 300px\" \/><\/a><\/p>\n<\/p><\/div>\n<\/p><\/div>\n<\/p><\/div>\n<\/p><\/div>\n<\/section>\n<section id=\"builder-section-text_615\" class=\"builder-section-prev-text builder-section builder-section-text builder-section-next-text builder-text-columns-1\" style=\"background-size: cover; background-repeat: no-repeat;background-position: center center;\">\n<h3 class=\"builder-text-section-title\">\n        Klasse 8b gewinnt Sportfest zum 100- j\u00e4hrigen Schuljubil\u00e4um der Pauli    <\/h3>\n<div class=\"builder-section-content\">\n<div class=\"builder-text-row\">\n<div class=\"builder-text-column builder-text-column-1\" id=\"builder-section-text_615-column-1\">\n<div class=\"builder-text-content\">\n<p><span style=\"font-family: 'Arial',sans-serif;\">Am 30.09.2025 haben wir im Rahmen des 100- j\u00e4hrigen Jubil\u00e4ums unserer Schule die beste sportliche Klasse ermittelt. Daf\u00fcr haben wir im Henning- Frenzl- Stadion verschiedene Disziplinen veranstaltet (z.B Weitsprung, Torwandschie\u00dfen, Zielwerfen, Seilspringen und vieles mehr). Die sportlichste Klasse war die Klasse 8b, die sich mit gro\u00dfem Vorsprung gegen den Rest der Schule durchsetzen konnte. Auf Platz 2 landeten jeweils die Klasse 8a und die 6b. Die 8b konnte sich als Sieger \u00fcber eine Unterst\u00fctzung durch den F\u00f6rderverein f\u00fcr den n\u00e4chsten Wandertag freuen. <br \/>Herzlichen Gl\u00fcckwunsch!<\/span><\/p>\n<p><a href=\"https:\/\/www.paul-guenther-schule.de\/wp-content\/uploads\/2025\/12\/IMG-20251106-WA0001.jpg\"><img loading=\"lazy\" decoding=\"async\" class=\"alignnone wp-image-1690 size-medium\" src=\"https:\/\/www.paul-guenther-schule.de\/wp-content\/uploads\/2025\/12\/IMG-20251106-WA0001-300x225.jpg\" alt=\"\" width=\"300\" height=\"225\" srcset=\"https:\/\/www.paul-guenther-schule.de\/wp-content\/uploads\/2025\/12\/IMG-20251106-WA0001-300x225.jpg 300w, https:\/\/www.paul-guenther-schule.de\/wp-content\/uploads\/2025\/12\/IMG-20251106-WA0001-1024x768.jpg 1024w, https:\/\/www.paul-guenther-schule.de\/wp-content\/uploads\/2025\/12\/IMG-20251106-WA0001-768x576.jpg 768w, https:\/\/www.paul-guenther-schule.de\/wp-content\/uploads\/2025\/12\/IMG-20251106-WA0001-1536x1152.jpg 1536w, https:\/\/www.paul-guenther-schule.de\/wp-content\/uploads\/2025\/12\/IMG-20251106-WA0001.jpg 1600w\" sizes=\"auto, (max-width: 300px) 100vw, 300px\" \/><\/a><\/p>\n<\/p><\/div>\n<\/p><\/div>\n<\/p><\/div>\n<\/p><\/div>\n<\/section>\n<section id=\"builder-section-text_74\" class=\"builder-section-prev-text builder-section builder-section-text builder-section-last builder-text-columns-2\" style=\"background-size: cover; background-repeat: no-repeat;background-position: center center;\">\n<h3 class=\"builder-text-section-title\">\n        Ausstellung in der Stadtbibliothek Geithain    <\/h3>\n<div class=\"builder-section-content\">\n<div class=\"builder-text-row\">\n<div class=\"builder-text-column builder-text-column-1\" id=\"builder-section-text_74-column-1\">\n<div class=\"builder-text-content\">\n<p><a href=\"https:\/\/www.paul-guenther-schule.de\/wp-content\/uploads\/2025\/07\/Einladung_PGS_Ausstellung27.09.2025_vorn.jpg\"><img loading=\"lazy\" decoding=\"async\" class=\"alignnone wp-image-1608 \" src=\"https:\/\/www.paul-guenther-schule.de\/wp-content\/uploads\/2025\/07\/Einladung_PGS_Ausstellung27.09.2025_vorn-300x213.jpg\" alt=\"\" width=\"390\" height=\"277\" srcset=\"https:\/\/www.paul-guenther-schule.de\/wp-content\/uploads\/2025\/07\/Einladung_PGS_Ausstellung27.09.2025_vorn-300x213.jpg 300w, https:\/\/www.paul-guenther-schule.de\/wp-content\/uploads\/2025\/07\/Einladung_PGS_Ausstellung27.09.2025_vorn-768x545.jpg 768w, https:\/\/www.paul-guenther-schule.de\/wp-content\/uploads\/2025\/07\/Einladung_PGS_Ausstellung27.09.2025_vorn.jpg 897w\" sizes=\"auto, (max-width: 390px) 100vw, 390px\" \/><\/a><\/p>\n<\/p><\/div>\n<\/p><\/div>\n<div class=\"builder-text-column builder-text-column-2\" id=\"builder-section-text_74-column-2\">\n<div class=\"builder-text-content\">\n<p><a href=\"https:\/\/www.paul-guenther-schule.de\/wp-content\/uploads\/2025\/07\/Einladung_PGS_Ausstellung27.09.2025_hinten.jpg\"><img loading=\"lazy\" decoding=\"async\" class=\"alignnone wp-image-1607 \" src=\"https:\/\/www.paul-guenther-schule.de\/wp-content\/uploads\/2025\/07\/Einladung_PGS_Ausstellung27.09.2025_hinten-300x216.jpg\" alt=\"\" width=\"390\" height=\"281\" srcset=\"https:\/\/www.paul-guenther-schule.de\/wp-content\/uploads\/2025\/07\/Einladung_PGS_Ausstellung27.09.2025_hinten-300x216.jpg 300w, https:\/\/www.paul-guenther-schule.de\/wp-content\/uploads\/2025\/07\/Einladung_PGS_Ausstellung27.09.2025_hinten-768x552.jpg 768w, https:\/\/www.paul-guenther-schule.de\/wp-content\/uploads\/2025\/07\/Einladung_PGS_Ausstellung27.09.2025_hinten.jpg 894w\" sizes=\"auto, (max-width: 390px) 100vw, 390px\" \/><\/a><\/p>\n<\/p><\/div>\n<\/p><\/div>\n<\/p><\/div>\n<div class=\"builder-text-row\">\n<div class=\"builder-text-column builder-text-column-3\" id=\"builder-section-text_74-column-1\">\n<div class=\"builder-text-content\">\n<p><a href=\"https:\/\/www.paul-guenther-schule.de\/wp-content\/uploads\/2025\/09\/Plakat_PGS_Ausstellung27.09.2025-1.jpg\"><img loading=\"lazy\" decoding=\"async\" class=\"alignnone wp-image-1638 size-full\" src=\"https:\/\/www.paul-guenther-schule.de\/wp-content\/uploads\/2025\/09\/Plakat_PGS_Ausstellung27.09.2025-1.jpg\" alt=\"\" width=\"1683\" height=\"1190\" srcset=\"https:\/\/www.paul-guenther-schule.de\/wp-content\/uploads\/2025\/09\/Plakat_PGS_Ausstellung27.09.2025-1.jpg 1683w, https:\/\/www.paul-guenther-schule.de\/wp-content\/uploads\/2025\/09\/Plakat_PGS_Ausstellung27.09.2025-1-300x212.jpg 300w, https:\/\/www.paul-guenther-schule.de\/wp-content\/uploads\/2025\/09\/Plakat_PGS_Ausstellung27.09.2025-1-1024x724.jpg 1024w, https:\/\/www.paul-guenther-schule.de\/wp-content\/uploads\/2025\/09\/Plakat_PGS_Ausstellung27.09.2025-1-768x543.jpg 768w, https:\/\/www.paul-guenther-schule.de\/wp-content\/uploads\/2025\/09\/Plakat_PGS_Ausstellung27.09.2025-1-1536x1086.jpg 1536w\" sizes=\"auto, (max-width: 1683px) 100vw, 1683px\" \/><\/a><\/p>\n<\/p><\/div>\n<\/p><\/div>\n<\/p><\/div>\n<\/p><\/div>\n<\/section>\n","protected":false},"excerpt":{"rendered":"<p>100 Jahre Pauli \u2013 Festakt Anl\u00e4sslich des 100j\u00e4hrigen Jubil\u00e4ums der Paul-Guenther-Schule fand am 01.10.2025 eine Festveranstaltung im B\u00fcrgerhaus statt. Bei einem Sektempfang kamen ehemalige und heutige Lehrkr\u00e4fte sowie Vertreter aus Politik, dem Landesamt f\u00fcr Schule und Bildung, Vereinen und weitere Unterst\u00fctzer der Pauli ins Gespr\u00e4ch. Nach der Begr\u00fc\u00dfung durch die Schulleiterinnen Frau Kuhn (Grundschule) und &hellip;<\/p>\n","protected":false},"author":1,"featured_media":0,"parent":0,"menu_order":0,"comment_status":"closed","ping_status":"closed","template":"template-builder.php","meta":{"footnotes":""},"class_list":["post-1223","page","type-page","status-publish","hentry"],"yoast_head":"<!-- This site is optimized with the Yoast SEO plugin v23.7 - https:\/\/yoast.com\/wordpress\/plugins\/seo\/ -->\n<title>100 Jahre Pauli - Oberschule &amp; Grundschule Paul-Guenther Geithain<\/title>\n<meta name=\"robots\" content=\"index, follow, max-snippet:-1, max-image-preview:large, max-video-preview:-1\" \/>\n<link rel=\"canonical\" href=\"https:\/\/www.paul-guenther-schule.de\/index.php\/100-jahre-pauli\/\" \/>\n<meta property=\"og:locale\" content=\"de_DE\" \/>\n<meta property=\"og:type\" content=\"article\" \/>\n<meta property=\"og:title\" content=\"100 Jahre Pauli - Oberschule &amp; Grundschule Paul-Guenther Geithain\" \/>\n<meta property=\"og:description\" content=\"100 Jahre Pauli \u2013 Festakt Anl\u00e4sslich des 100j\u00e4hrigen Jubil\u00e4ums der Paul-Guenther-Schule fand am 01.10.2025 eine Festveranstaltung im B\u00fcrgerhaus statt. Bei einem Sektempfang kamen ehemalige und heutige Lehrkr\u00e4fte sowie Vertreter aus Politik, dem Landesamt f\u00fcr Schule und Bildung, Vereinen und weitere Unterst\u00fctzer der Pauli ins Gespr\u00e4ch. Nach der Begr\u00fc\u00dfung durch die Schulleiterinnen Frau Kuhn (Grundschule) und &hellip;\" \/>\n<meta property=\"og:url\" content=\"https:\/\/www.paul-guenther-schule.de\/index.php\/100-jahre-pauli\/\" \/>\n<meta property=\"og:site_name\" content=\"Oberschule &amp; Grundschule Paul-Guenther Geithain\" \/>\n<meta property=\"article:modified_time\" content=\"2025-12-11T08:53:50+00:00\" \/>\n<meta property=\"og:image\" content=\"https:\/\/www.paul-guenther-schule.de\/wp-content\/uploads\/2025\/11\/IMG-20251002-WA0005.jpg\" \/>\n\t<meta property=\"og:image:width\" content=\"2000\" \/>\n\t<meta property=\"og:image:height\" content=\"1500\" \/>\n\t<meta property=\"og:image:type\" content=\"image\/jpeg\" \/>\n<meta name=\"twitter:card\" content=\"summary_large_image\" \/>\n<meta name=\"twitter:label1\" content=\"Gesch\u00e4tzte Lesezeit\" \/>\n\t<meta name=\"twitter:data1\" content=\"8\u00a0Minuten\" \/>\n<script type=\"application\/ld+json\" class=\"yoast-schema-graph\">{\"@context\":\"https:\/\/schema.org\",\"@graph\":[{\"@type\":\"WebPage\",\"@id\":\"https:\/\/www.paul-guenther-schule.de\/index.php\/100-jahre-pauli\/\",\"url\":\"https:\/\/www.paul-guenther-schule.de\/index.php\/100-jahre-pauli\/\",\"name\":\"100 Jahre Pauli - Oberschule &amp; Grundschule Paul-Guenther Geithain\",\"isPartOf\":{\"@id\":\"https:\/\/www.paul-guenther-schule.de\/#website\"},\"primaryImageOfPage\":{\"@id\":\"https:\/\/www.paul-guenther-schule.de\/index.php\/100-jahre-pauli\/#primaryimage\"},\"image\":{\"@id\":\"https:\/\/www.paul-guenther-schule.de\/index.php\/100-jahre-pauli\/#primaryimage\"},\"thumbnailUrl\":\"https:\/\/www.paul-guenther-schule.de\/wp-content\/uploads\/2025\/11\/IMG-20251002-WA0005-300x225.jpg\",\"datePublished\":\"2024-04-23T07:47:18+00:00\",\"dateModified\":\"2025-12-11T08:53:50+00:00\",\"breadcrumb\":{\"@id\":\"https:\/\/www.paul-guenther-schule.de\/index.php\/100-jahre-pauli\/#breadcrumb\"},\"inLanguage\":\"de\",\"potentialAction\":[{\"@type\":\"ReadAction\",\"target\":[\"https:\/\/www.paul-guenther-schule.de\/index.php\/100-jahre-pauli\/\"]}]},{\"@type\":\"ImageObject\",\"inLanguage\":\"de\",\"@id\":\"https:\/\/www.paul-guenther-schule.de\/index.php\/100-jahre-pauli\/#primaryimage\",\"url\":\"https:\/\/www.paul-guenther-schule.de\/wp-content\/uploads\/2025\/11\/IMG-20251002-WA0005.jpg\",\"contentUrl\":\"https:\/\/www.paul-guenther-schule.de\/wp-content\/uploads\/2025\/11\/IMG-20251002-WA0005.jpg\",\"width\":2000,\"height\":1500},{\"@type\":\"BreadcrumbList\",\"@id\":\"https:\/\/www.paul-guenther-schule.de\/index.php\/100-jahre-pauli\/#breadcrumb\",\"itemListElement\":[{\"@type\":\"ListItem\",\"position\":1,\"name\":\"Home\",\"item\":\"https:\/\/www.paul-guenther-schule.de\/\"},{\"@type\":\"ListItem\",\"position\":2,\"name\":\"100 Jahre Pauli\"}]},{\"@type\":\"WebSite\",\"@id\":\"https:\/\/www.paul-guenther-schule.de\/#website\",\"url\":\"https:\/\/www.paul-guenther-schule.de\/\",\"name\":\"Oberschule &amp; Grundschule Paul-Guenther Geithain\",\"description\":\"\",\"publisher\":{\"@id\":\"https:\/\/www.paul-guenther-schule.de\/#organization\"},\"potentialAction\":[{\"@type\":\"SearchAction\",\"target\":{\"@type\":\"EntryPoint\",\"urlTemplate\":\"https:\/\/www.paul-guenther-schule.de\/?s={search_term_string}\"},\"query-input\":{\"@type\":\"PropertyValueSpecification\",\"valueRequired\":true,\"valueName\":\"search_term_string\"}}],\"inLanguage\":\"de\"},{\"@type\":\"Organization\",\"@id\":\"https:\/\/www.paul-guenther-schule.de\/#organization\",\"name\":\"Oberschule &amp; Grundschule Paul-Guenther Geithain\",\"url\":\"https:\/\/www.paul-guenther-schule.de\/\",\"logo\":{\"@type\":\"ImageObject\",\"inLanguage\":\"de\",\"@id\":\"https:\/\/www.paul-guenther-schule.de\/#\/schema\/logo\/image\/\",\"url\":\"https:\/\/www.paul-guenther-schule.de\/wp-content\/uploads\/2024\/01\/cropped-header-pauli-eule-04.png\",\"contentUrl\":\"https:\/\/www.paul-guenther-schule.de\/wp-content\/uploads\/2024\/01\/cropped-header-pauli-eule-04.png\",\"width\":1040,\"height\":294,\"caption\":\"Oberschule &amp; Grundschule Paul-Guenther Geithain\"},\"image\":{\"@id\":\"https:\/\/www.paul-guenther-schule.de\/#\/schema\/logo\/image\/\"}}]}<\/script>\n<!-- \/ Yoast SEO plugin. -->","yoast_head_json":{"title":"100 Jahre Pauli - Oberschule &amp; Grundschule Paul-Guenther Geithain","robots":{"index":"index","follow":"follow","max-snippet":"max-snippet:-1","max-image-preview":"max-image-preview:large","max-video-preview":"max-video-preview:-1"},"canonical":"https:\/\/www.paul-guenther-schule.de\/index.php\/100-jahre-pauli\/","og_locale":"de_DE","og_type":"article","og_title":"100 Jahre Pauli - Oberschule &amp; Grundschule Paul-Guenther Geithain","og_description":"100 Jahre Pauli \u2013 Festakt Anl\u00e4sslich des 100j\u00e4hrigen Jubil\u00e4ums der Paul-Guenther-Schule fand am 01.10.2025 eine Festveranstaltung im B\u00fcrgerhaus statt. Bei einem Sektempfang kamen ehemalige und heutige Lehrkr\u00e4fte sowie Vertreter aus Politik, dem Landesamt f\u00fcr Schule und Bildung, Vereinen und weitere Unterst\u00fctzer der Pauli ins Gespr\u00e4ch. Nach der Begr\u00fc\u00dfung durch die Schulleiterinnen Frau Kuhn (Grundschule) und &hellip;","og_url":"https:\/\/www.paul-guenther-schule.de\/index.php\/100-jahre-pauli\/","og_site_name":"Oberschule &amp; Grundschule Paul-Guenther Geithain","article_modified_time":"2025-12-11T08:53:50+00:00","og_image":[{"width":2000,"height":1500,"url":"https:\/\/www.paul-guenther-schule.de\/wp-content\/uploads\/2025\/11\/IMG-20251002-WA0005.jpg","type":"image\/jpeg"}],"twitter_card":"summary_large_image","twitter_misc":{"Gesch\u00e4tzte Lesezeit":"8\u00a0Minuten"},"schema":{"@context":"https:\/\/schema.org","@graph":[{"@type":"WebPage","@id":"https:\/\/www.paul-guenther-schule.de\/index.php\/100-jahre-pauli\/","url":"https:\/\/www.paul-guenther-schule.de\/index.php\/100-jahre-pauli\/","name":"100 Jahre Pauli - Oberschule &amp; Grundschule Paul-Guenther Geithain","isPartOf":{"@id":"https:\/\/www.paul-guenther-schule.de\/#website"},"primaryImageOfPage":{"@id":"https:\/\/www.paul-guenther-schule.de\/index.php\/100-jahre-pauli\/#primaryimage"},"image":{"@id":"https:\/\/www.paul-guenther-schule.de\/index.php\/100-jahre-pauli\/#primaryimage"},"thumbnailUrl":"https:\/\/www.paul-guenther-schule.de\/wp-content\/uploads\/2025\/11\/IMG-20251002-WA0005-300x225.jpg","datePublished":"2024-04-23T07:47:18+00:00","dateModified":"2025-12-11T08:53:50+00:00","breadcrumb":{"@id":"https:\/\/www.paul-guenther-schule.de\/index.php\/100-jahre-pauli\/#breadcrumb"},"inLanguage":"de","potentialAction":[{"@type":"ReadAction","target":["https:\/\/www.paul-guenther-schule.de\/index.php\/100-jahre-pauli\/"]}]},{"@type":"ImageObject","inLanguage":"de","@id":"https:\/\/www.paul-guenther-schule.de\/index.php\/100-jahre-pauli\/#primaryimage","url":"https:\/\/www.paul-guenther-schule.de\/wp-content\/uploads\/2025\/11\/IMG-20251002-WA0005.jpg","contentUrl":"https:\/\/www.paul-guenther-schule.de\/wp-content\/uploads\/2025\/11\/IMG-20251002-WA0005.jpg","width":2000,"height":1500},{"@type":"BreadcrumbList","@id":"https:\/\/www.paul-guenther-schule.de\/index.php\/100-jahre-pauli\/#breadcrumb","itemListElement":[{"@type":"ListItem","position":1,"name":"Home","item":"https:\/\/www.paul-guenther-schule.de\/"},{"@type":"ListItem","position":2,"name":"100 Jahre Pauli"}]},{"@type":"WebSite","@id":"https:\/\/www.paul-guenther-schule.de\/#website","url":"https:\/\/www.paul-guenther-schule.de\/","name":"Oberschule &amp; Grundschule Paul-Guenther Geithain","description":"","publisher":{"@id":"https:\/\/www.paul-guenther-schule.de\/#organization"},"potentialAction":[{"@type":"SearchAction","target":{"@type":"EntryPoint","urlTemplate":"https:\/\/www.paul-guenther-schule.de\/?s={search_term_string}"},"query-input":{"@type":"PropertyValueSpecification","valueRequired":true,"valueName":"search_term_string"}}],"inLanguage":"de"},{"@type":"Organization","@id":"https:\/\/www.paul-guenther-schule.de\/#organization","name":"Oberschule &amp; Grundschule Paul-Guenther Geithain","url":"https:\/\/www.paul-guenther-schule.de\/","logo":{"@type":"ImageObject","inLanguage":"de","@id":"https:\/\/www.paul-guenther-schule.de\/#\/schema\/logo\/image\/","url":"https:\/\/www.paul-guenther-schule.de\/wp-content\/uploads\/2024\/01\/cropped-header-pauli-eule-04.png","contentUrl":"https:\/\/www.paul-guenther-schule.de\/wp-content\/uploads\/2024\/01\/cropped-header-pauli-eule-04.png","width":1040,"height":294,"caption":"Oberschule &amp; Grundschule Paul-Guenther Geithain"},"image":{"@id":"https:\/\/www.paul-guenther-schule.de\/#\/schema\/logo\/image\/"}}]}},"publishpress_future_action":{"enabled":false,"date":"2026-05-07 14:37:20","action":"change-status","newStatus":"draft","terms":[],"taxonomy":""},"publishpress_future_workflow_manual_trigger":{"enabledWorkflows":[]},"_links":{"self":[{"href":"https:\/\/www.paul-guenther-schule.de\/index.php\/wp-json\/wp\/v2\/pages\/1223","targetHints":{"allow":["GET"]}}],"collection":[{"href":"https:\/\/www.paul-guenther-schule.de\/index.php\/wp-json\/wp\/v2\/pages"}],"about":[{"href":"https:\/\/www.paul-guenther-schule.de\/index.php\/wp-json\/wp\/v2\/types\/page"}],"author":[{"embeddable":true,"href":"https:\/\/www.paul-guenther-schule.de\/index.php\/wp-json\/wp\/v2\/users\/1"}],"replies":[{"embeddable":true,"href":"https:\/\/www.paul-guenther-schule.de\/index.php\/wp-json\/wp\/v2\/comments?post=1223"}],"version-history":[{"count":33,"href":"https:\/\/www.paul-guenther-schule.de\/index.php\/wp-json\/wp\/v2\/pages\/1223\/revisions"}],"predecessor-version":[{"id":1694,"href":"https:\/\/www.paul-guenther-schule.de\/index.php\/wp-json\/wp\/v2\/pages\/1223\/revisions\/1694"}],"wp:attachment":[{"href":"https:\/\/www.paul-guenther-schule.de\/index.php\/wp-json\/wp\/v2\/media?parent=1223"}],"curies":[{"name":"wp","href":"https:\/\/api.w.org\/{rel}","templated":true}]}}