{"id":1358,"date":"2024-09-26T08:51:46","date_gmt":"2024-09-26T06:51:46","guid":{"rendered":"https:\/\/www.paul-guenther-schule.de\/?page_id=1358"},"modified":"2025-10-24T12:10:43","modified_gmt":"2025-10-24T10:10:43","slug":"obst-gemuese","status":"publish","type":"page","link":"https:\/\/www.paul-guenther-schule.de\/index.php\/grundschule\/obst-gemuese\/","title":{"rendered":"Obst &#038; Gem\u00fcse"},"content":{"rendered":"<section id=\"builder-section-text_1137\" class=\"builder-section-first builder-section builder-section-text builder-section-last builder-text-columns-3\" style=\"background-size: cover; background-repeat: no-repeat;background-position: center center;\">\n<div class=\"builder-section-content\">\n<div class=\"builder-text-row\">\n<div class=\"builder-text-column builder-text-column-1\" id=\"builder-section-text_1137-column-1\">\n<div class=\"builder-text-content\">\n<h1>EU-Schulprogramm Obst und Gem\u00fcse<\/h1>\n<p>Unsere Schule nimmt am EU Schulprogramm &#8222;Obst und Gem\u00fcse&#8220; mit finanzieller Unterst\u00fctzung der Europ\u00e4ischen Union teil.<\/p>\n<p><a class=\"cm_anchor\" href=\"https:\/\/www.smekul.sachsen.de\/foerderung\/eu-schulprogramm-fuer-obst-gemuese-und-milch-5522.html\" target=\"_blank\" rel=\"noreferrer noopener\">https:\/\/www.smekul.sachsen.de\/foerderung\/eu-schulprogramm-fuer-obst-gemuese-und-milch-5522.html<\/a><\/p>\n<\/p><\/div>\n<\/p><\/div>\n<div class=\"builder-text-column builder-text-column-2\" id=\"builder-section-text_1137-column-2\">\n<div class=\"builder-text-content\">\n<p><img loading=\"lazy\" decoding=\"async\" class=\"alignnone size-medium wp-image-1365\" src=\"https:\/\/www.paul-guenther-schule.de\/wp-content\/uploads\/2024\/09\/Obst-und-Gemu\u0308se-297x300.png\" alt=\"\" width=\"297\" height=\"300\" srcset=\"https:\/\/www.paul-guenther-schule.de\/wp-content\/uploads\/2024\/09\/Obst-und-Gemu\u0308se-297x300.png 297w, https:\/\/www.paul-guenther-schule.de\/wp-content\/uploads\/2024\/09\/Obst-und-Gemu\u0308se.png 720w\" sizes=\"auto, (max-width: 297px) 100vw, 297px\" \/><\/p>\n<\/p><\/div>\n<\/p><\/div>\n<div class=\"builder-text-column builder-text-column-3\" id=\"builder-section-text_1137-column-3\">\n<div class=\"builder-text-content\">\n<p>Im Schuljahr 2025\/26 wurden wir f\u00fcr die regelm\u00e4\u00dfige Lieferung von Milch-Trinkp\u00e4ckchen ausgew\u00e4hlt.\u00a0<\/p>\n<\/p><\/div>\n<\/p><\/div>\n<\/p><\/div>\n<\/p><\/div>\n<\/section>\n","protected":false},"excerpt":{"rendered":"<p>EU-Schulprogramm Obst und Gem\u00fcse Unsere Schule nimmt am EU Schulprogramm &#8222;Obst und Gem\u00fcse&#8220; mit finanzieller Unterst\u00fctzung der Europ\u00e4ischen Union teil. https:\/\/www.smekul.sachsen.de\/foerderung\/eu-schulprogramm-fuer-obst-gemuese-und-milch-5522.html Im Schuljahr 2025\/26 wurden wir f\u00fcr die regelm\u00e4\u00dfige Lieferung von Milch-Trinkp\u00e4ckchen ausgew\u00e4hlt.\u00a0<\/p>\n","protected":false},"author":3,"featured_media":1365,"parent":9,"menu_order":5,"comment_status":"closed","ping_status":"closed","template":"template-builder.php","meta":{"footnotes":""},"class_list":["post-1358","page","type-page","status-publish","has-post-thumbnail","hentry"],"yoast_head":"<!-- This site is optimized with the Yoast SEO plugin v23.7 - https:\/\/yoast.com\/wordpress\/plugins\/seo\/ -->\n<title>Obst &amp; Gem\u00fcse - Oberschule &amp; Grundschule Paul-Guenther Geithain<\/title>\n<meta name=\"robots\" content=\"index, follow, max-snippet:-1, max-image-preview:large, max-video-preview:-1\" \/>\n<link rel=\"canonical\" href=\"https:\/\/www.paul-guenther-schule.de\/index.php\/grundschule\/obst-gemuese\/\" \/>\n<meta property=\"og:locale\" content=\"de_DE\" \/>\n<meta property=\"og:type\" content=\"article\" \/>\n<meta property=\"og:title\" content=\"Obst &amp; Gem\u00fcse - Oberschule &amp; Grundschule Paul-Guenther Geithain\" \/>\n<meta property=\"og:description\" content=\"EU-Schulprogramm Obst und Gem\u00fcse Unsere Schule nimmt am EU Schulprogramm &#8222;Obst und Gem\u00fcse&#8220; mit finanzieller Unterst\u00fctzung der Europ\u00e4ischen Union teil. https:\/\/www.smekul.sachsen.de\/foerderung\/eu-schulprogramm-fuer-obst-gemuese-und-milch-5522.html Im Schuljahr 2025\/26 wurden wir f\u00fcr die regelm\u00e4\u00dfige Lieferung von Milch-Trinkp\u00e4ckchen ausgew\u00e4hlt.\u00a0\" \/>\n<meta property=\"og:url\" content=\"https:\/\/www.paul-guenther-schule.de\/index.php\/grundschule\/obst-gemuese\/\" \/>\n<meta property=\"og:site_name\" content=\"Oberschule &amp; Grundschule Paul-Guenther Geithain\" \/>\n<meta property=\"article:modified_time\" content=\"2025-10-24T10:10:43+00:00\" \/>\n<meta property=\"og:image\" content=\"https:\/\/www.paul-guenther-schule.de\/wp-content\/uploads\/2024\/09\/Obst-und-Gemu\u0308se.png\" \/>\n\t<meta property=\"og:image:width\" content=\"720\" \/>\n\t<meta property=\"og:image:height\" content=\"727\" \/>\n\t<meta property=\"og:image:type\" content=\"image\/png\" \/>\n<meta name=\"twitter:card\" content=\"summary_large_image\" \/>\n<meta name=\"twitter:label1\" content=\"Gesch\u00e4tzte Lesezeit\" \/>\n\t<meta name=\"twitter:data1\" content=\"1\u00a0Minute\" \/>\n<script type=\"application\/ld+json\" class=\"yoast-schema-graph\">{\"@context\":\"https:\/\/schema.org\",\"@graph\":[{\"@type\":\"WebPage\",\"@id\":\"https:\/\/www.paul-guenther-schule.de\/index.php\/grundschule\/obst-gemuese\/\",\"url\":\"https:\/\/www.paul-guenther-schule.de\/index.php\/grundschule\/obst-gemuese\/\",\"name\":\"Obst & Gem\u00fcse - Oberschule &amp; Grundschule Paul-Guenther Geithain\",\"isPartOf\":{\"@id\":\"https:\/\/www.paul-guenther-schule.de\/#website\"},\"primaryImageOfPage\":{\"@id\":\"https:\/\/www.paul-guenther-schule.de\/index.php\/grundschule\/obst-gemuese\/#primaryimage\"},\"image\":{\"@id\":\"https:\/\/www.paul-guenther-schule.de\/index.php\/grundschule\/obst-gemuese\/#primaryimage\"},\"thumbnailUrl\":\"https:\/\/www.paul-guenther-schule.de\/wp-content\/uploads\/2024\/09\/Obst-und-Gemu\u0308se.png\",\"datePublished\":\"2024-09-26T06:51:46+00:00\",\"dateModified\":\"2025-10-24T10:10:43+00:00\",\"breadcrumb\":{\"@id\":\"https:\/\/www.paul-guenther-schule.de\/index.php\/grundschule\/obst-gemuese\/#breadcrumb\"},\"inLanguage\":\"de\",\"potentialAction\":[{\"@type\":\"ReadAction\",\"target\":[\"https:\/\/www.paul-guenther-schule.de\/index.php\/grundschule\/obst-gemuese\/\"]}]},{\"@type\":\"ImageObject\",\"inLanguage\":\"de\",\"@id\":\"https:\/\/www.paul-guenther-schule.de\/index.php\/grundschule\/obst-gemuese\/#primaryimage\",\"url\":\"https:\/\/www.paul-guenther-schule.de\/wp-content\/uploads\/2024\/09\/Obst-und-Gemu\u0308se.png\",\"contentUrl\":\"https:\/\/www.paul-guenther-schule.de\/wp-content\/uploads\/2024\/09\/Obst-und-Gemu\u0308se.png\",\"width\":720,\"height\":727},{\"@type\":\"BreadcrumbList\",\"@id\":\"https:\/\/www.paul-guenther-schule.de\/index.php\/grundschule\/obst-gemuese\/#breadcrumb\",\"itemListElement\":[{\"@type\":\"ListItem\",\"position\":1,\"name\":\"Home\",\"item\":\"https:\/\/www.paul-guenther-schule.de\/\"},{\"@type\":\"ListItem\",\"position\":2,\"name\":\"Grundschule\",\"item\":\"https:\/\/www.paul-guenther-schule.de\/index.php\/grundschule\/\"},{\"@type\":\"ListItem\",\"position\":3,\"name\":\"Obst &#038; Gem\u00fcse\"}]},{\"@type\":\"WebSite\",\"@id\":\"https:\/\/www.paul-guenther-schule.de\/#website\",\"url\":\"https:\/\/www.paul-guenther-schule.de\/\",\"name\":\"Oberschule &amp; Grundschule Paul-Guenther Geithain\",\"description\":\"\",\"publisher\":{\"@id\":\"https:\/\/www.paul-guenther-schule.de\/#organization\"},\"potentialAction\":[{\"@type\":\"SearchAction\",\"target\":{\"@type\":\"EntryPoint\",\"urlTemplate\":\"https:\/\/www.paul-guenther-schule.de\/?s={search_term_string}\"},\"query-input\":{\"@type\":\"PropertyValueSpecification\",\"valueRequired\":true,\"valueName\":\"search_term_string\"}}],\"inLanguage\":\"de\"},{\"@type\":\"Organization\",\"@id\":\"https:\/\/www.paul-guenther-schule.de\/#organization\",\"name\":\"Oberschule &amp; Grundschule Paul-Guenther Geithain\",\"url\":\"https:\/\/www.paul-guenther-schule.de\/\",\"logo\":{\"@type\":\"ImageObject\",\"inLanguage\":\"de\",\"@id\":\"https:\/\/www.paul-guenther-schule.de\/#\/schema\/logo\/image\/\",\"url\":\"https:\/\/www.paul-guenther-schule.de\/wp-content\/uploads\/2024\/01\/cropped-header-pauli-eule-04.png\",\"contentUrl\":\"https:\/\/www.paul-guenther-schule.de\/wp-content\/uploads\/2024\/01\/cropped-header-pauli-eule-04.png\",\"width\":1040,\"height\":294,\"caption\":\"Oberschule &amp; Grundschule Paul-Guenther Geithain\"},\"image\":{\"@id\":\"https:\/\/www.paul-guenther-schule.de\/#\/schema\/logo\/image\/\"}}]}<\/script>\n<!-- \/ Yoast SEO plugin. -->","yoast_head_json":{"title":"Obst & Gem\u00fcse - Oberschule &amp; Grundschule Paul-Guenther Geithain","robots":{"index":"index","follow":"follow","max-snippet":"max-snippet:-1","max-image-preview":"max-image-preview:large","max-video-preview":"max-video-preview:-1"},"canonical":"https:\/\/www.paul-guenther-schule.de\/index.php\/grundschule\/obst-gemuese\/","og_locale":"de_DE","og_type":"article","og_title":"Obst & Gem\u00fcse - Oberschule &amp; Grundschule Paul-Guenther Geithain","og_description":"EU-Schulprogramm Obst und Gem\u00fcse Unsere Schule nimmt am EU Schulprogramm &#8222;Obst und Gem\u00fcse&#8220; mit finanzieller Unterst\u00fctzung der Europ\u00e4ischen Union teil. https:\/\/www.smekul.sachsen.de\/foerderung\/eu-schulprogramm-fuer-obst-gemuese-und-milch-5522.html Im Schuljahr 2025\/26 wurden wir f\u00fcr die regelm\u00e4\u00dfige Lieferung von Milch-Trinkp\u00e4ckchen ausgew\u00e4hlt.\u00a0","og_url":"https:\/\/www.paul-guenther-schule.de\/index.php\/grundschule\/obst-gemuese\/","og_site_name":"Oberschule &amp; Grundschule Paul-Guenther Geithain","article_modified_time":"2025-10-24T10:10:43+00:00","og_image":[{"width":720,"height":727,"url":"https:\/\/www.paul-guenther-schule.de\/wp-content\/uploads\/2024\/09\/Obst-und-Gemu\u0308se.png","type":"image\/png"}],"twitter_card":"summary_large_image","twitter_misc":{"Gesch\u00e4tzte Lesezeit":"1\u00a0Minute"},"schema":{"@context":"https:\/\/schema.org","@graph":[{"@type":"WebPage","@id":"https:\/\/www.paul-guenther-schule.de\/index.php\/grundschule\/obst-gemuese\/","url":"https:\/\/www.paul-guenther-schule.de\/index.php\/grundschule\/obst-gemuese\/","name":"Obst & Gem\u00fcse - Oberschule &amp; Grundschule Paul-Guenther Geithain","isPartOf":{"@id":"https:\/\/www.paul-guenther-schule.de\/#website"},"primaryImageOfPage":{"@id":"https:\/\/www.paul-guenther-schule.de\/index.php\/grundschule\/obst-gemuese\/#primaryimage"},"image":{"@id":"https:\/\/www.paul-guenther-schule.de\/index.php\/grundschule\/obst-gemuese\/#primaryimage"},"thumbnailUrl":"https:\/\/www.paul-guenther-schule.de\/wp-content\/uploads\/2024\/09\/Obst-und-Gemu\u0308se.png","datePublished":"2024-09-26T06:51:46+00:00","dateModified":"2025-10-24T10:10:43+00:00","breadcrumb":{"@id":"https:\/\/www.paul-guenther-schule.de\/index.php\/grundschule\/obst-gemuese\/#breadcrumb"},"inLanguage":"de","potentialAction":[{"@type":"ReadAction","target":["https:\/\/www.paul-guenther-schule.de\/index.php\/grundschule\/obst-gemuese\/"]}]},{"@type":"ImageObject","inLanguage":"de","@id":"https:\/\/www.paul-guenther-schule.de\/index.php\/grundschule\/obst-gemuese\/#primaryimage","url":"https:\/\/www.paul-guenther-schule.de\/wp-content\/uploads\/2024\/09\/Obst-und-Gemu\u0308se.png","contentUrl":"https:\/\/www.paul-guenther-schule.de\/wp-content\/uploads\/2024\/09\/Obst-und-Gemu\u0308se.png","width":720,"height":727},{"@type":"BreadcrumbList","@id":"https:\/\/www.paul-guenther-schule.de\/index.php\/grundschule\/obst-gemuese\/#breadcrumb","itemListElement":[{"@type":"ListItem","position":1,"name":"Home","item":"https:\/\/www.paul-guenther-schule.de\/"},{"@type":"ListItem","position":2,"name":"Grundschule","item":"https:\/\/www.paul-guenther-schule.de\/index.php\/grundschule\/"},{"@type":"ListItem","position":3,"name":"Obst &#038; Gem\u00fcse"}]},{"@type":"WebSite","@id":"https:\/\/www.paul-guenther-schule.de\/#website","url":"https:\/\/www.paul-guenther-schule.de\/","name":"Oberschule &amp; Grundschule Paul-Guenther Geithain","description":"","publisher":{"@id":"https:\/\/www.paul-guenther-schule.de\/#organization"},"potentialAction":[{"@type":"SearchAction","target":{"@type":"EntryPoint","urlTemplate":"https:\/\/www.paul-guenther-schule.de\/?s={search_term_string}"},"query-input":{"@type":"PropertyValueSpecification","valueRequired":true,"valueName":"search_term_string"}}],"inLanguage":"de"},{"@type":"Organization","@id":"https:\/\/www.paul-guenther-schule.de\/#organization","name":"Oberschule &amp; Grundschule Paul-Guenther Geithain","url":"https:\/\/www.paul-guenther-schule.de\/","logo":{"@type":"ImageObject","inLanguage":"de","@id":"https:\/\/www.paul-guenther-schule.de\/#\/schema\/logo\/image\/","url":"https:\/\/www.paul-guenther-schule.de\/wp-content\/uploads\/2024\/01\/cropped-header-pauli-eule-04.png","contentUrl":"https:\/\/www.paul-guenther-schule.de\/wp-content\/uploads\/2024\/01\/cropped-header-pauli-eule-04.png","width":1040,"height":294,"caption":"Oberschule &amp; Grundschule Paul-Guenther Geithain"},"image":{"@id":"https:\/\/www.paul-guenther-schule.de\/#\/schema\/logo\/image\/"}}]}},"publishpress_future_action":{"enabled":false,"date":"2026-05-07 10:14:39","action":"change-status","newStatus":"draft","terms":[],"taxonomy":""},"publishpress_future_workflow_manual_trigger":{"enabledWorkflows":[]},"_links":{"self":[{"href":"https:\/\/www.paul-guenther-schule.de\/index.php\/wp-json\/wp\/v2\/pages\/1358","targetHints":{"allow":["GET"]}}],"collection":[{"href":"https:\/\/www.paul-guenther-schule.de\/index.php\/wp-json\/wp\/v2\/pages"}],"about":[{"href":"https:\/\/www.paul-guenther-schule.de\/index.php\/wp-json\/wp\/v2\/types\/page"}],"author":[{"embeddable":true,"href":"https:\/\/www.paul-guenther-schule.de\/index.php\/wp-json\/wp\/v2\/users\/3"}],"replies":[{"embeddable":true,"href":"https:\/\/www.paul-guenther-schule.de\/index.php\/wp-json\/wp\/v2\/comments?post=1358"}],"version-history":[{"count":6,"href":"https:\/\/www.paul-guenther-schule.de\/index.php\/wp-json\/wp\/v2\/pages\/1358\/revisions"}],"predecessor-version":[{"id":1651,"href":"https:\/\/www.paul-guenther-schule.de\/index.php\/wp-json\/wp\/v2\/pages\/1358\/revisions\/1651"}],"up":[{"embeddable":true,"href":"https:\/\/www.paul-guenther-schule.de\/index.php\/wp-json\/wp\/v2\/pages\/9"}],"wp:featuredmedia":[{"embeddable":true,"href":"https:\/\/www.paul-guenther-schule.de\/index.php\/wp-json\/wp\/v2\/media\/1365"}],"wp:attachment":[{"href":"https:\/\/www.paul-guenther-schule.de\/index.php\/wp-json\/wp\/v2\/media?parent=1358"}],"curies":[{"name":"wp","href":"https:\/\/api.w.org\/{rel}","templated":true}]}}