{"id":19,"date":"2024-01-04T11:31:13","date_gmt":"2024-01-04T10:31:13","guid":{"rendered":"https:\/\/www.paul-guenther-schule.de\/?page_id=19"},"modified":"2024-02-19T13:01:53","modified_gmt":"2024-02-19T12:01:53","slug":"datenschutzerklaerung-2","status":"publish","type":"page","link":"https:\/\/www.paul-guenther-schule.de\/index.php\/datenschutzerklaerung-2\/","title":{"rendered":"Datenschutzerkl\u00e4rung"},"content":{"rendered":"<section id=\"builder-section-text_30\" class=\"builder-section-first builder-section builder-section-text builder-section-last builder-text-columns-1\" style=\"background-size: cover; background-repeat: no-repeat;background-position: center center;\">\n<div class=\"builder-section-content\">\n<div class=\"builder-text-row\">\n<div class=\"builder-text-column builder-text-column-1\" id=\"builder-section-text_30-column-1\">\n<div class=\"builder-text-content\">\n<h1 class=\"bodytext\">Datenschutzerkl\u00e4rung<br \/><b><\/b><\/h1>\n<p class=\"bodytext\"><b>\u00a7 1 Information \u00fcber die Erhebung personenbezogener Daten<\/b><br \/>\u00a0(1)\u00a0\u00a0 \u00a0 Im Folgenden informieren wir Sie \u00fcber die Erhebung personenbezogener Daten bei Nutzung unserer Website. Personenbezogene Daten sind alle Daten, die auf Sie pers\u00f6nlich beziehbar sind, z.B. Name, Adresse, E-Mail-Adressen, Nutzerverhalten.<br \/>\u00a0(2) \u00a0\u00a0 \u00a0Verantwortlicher gem. Art. 4 Abs. 7 EU-Datenschutz-Grundverordnung (DS-GVO) ist:<\/p>\n<p><b>Paul Guenther Oberschule\/Paul Guenther Grundschule<\/b><br \/><b>Schulleitung:<br \/>Frau Ute Vockerodt, Schulleiterin<br \/>Herr Udo Berger, stellvertretender Schulleiter<br \/>Schillerstr. 13<br \/>04643 Geithain<br \/>E-Mail:\u00a0<a>&#x69;&#x6e;&#x66;&#x6f;&#64;&#112;&#97;&#117;l-g&#x75;&#x65;&#x6e;&#x74;&#x68;&#101;&#114;&#45;sch&#x75;&#x6c;&#x65;&#x2e;&#x64;&#101;<\/a><\/b><\/p>\n<p>Schultr\u00e4ger:<br \/>Stadtverwaltung Geithain, vertreten durch den Oberb\u00fcrgermeister Herrn Rudolph<br \/>Markt 11 | 04643 Geithain<br \/>E-Mail:\u00a0<a>&#x73;t&#x61;d&#x74;&#64;&#x67;&#101;i&#x74;h&#x61;&#105;&#x6e;&#46;&#x64;&#101;<\/a><\/p>\n<p>F\u00f6rderverein der Paul-Guenther-Schule<br \/>Vorstand Herr Holger Quendt<br \/>Schillerstr. 13 | 04643 Geithain<br \/>E-Mail: <a href=\"ma&#105;&#108;&#116;&#111;&#x3a;&#x66;&#x6f;&#x65;&#x72;de&#114;&#118;&#101;&#114;&#x65;&#x69;&#x6e;&#x70;&#x67;s&#64;&#116;&#45;&#111;&#110;&#x6c;&#x69;&#x6e;&#x65;&#x2e;de\" target=\"_blank\" rel=\"noopener\">foer&#100;&#101;&#114;&#118;&#101;&#114;&#101;&#x69;&#x6e;&#x70;&#x67;&#x73;&#x40;&#x74;&#x2d;&#x6f;nlin&#101;&#46;&#100;&#101;<\/a><\/p>\n<p>(siehe unser Impressum auf der Webseite\u00a0<a href=\"http:\/\/www.paul-guenther-schule.de\/\" target=\"_blank\" rel=\"noopener\">www.paul-guenther-schule.de<\/a>\u00a0.)<\/p>\n<p>\u00a0(3)\u00a0\u00a0 \u00a0 Bei Ihrer Kontaktaufnahme mit uns per E-Mail werden die von Ihnen mitgeteilten Daten (Ihre E-Mail-Adresse, ggf. Ihr Name und Ihre Telefonnummer) von uns gespeichert, um Ihre Fragen zu beantworten. Die in diesem Zusammenhang anfallenden Daten l\u00f6schen wir, nachdem die Speicherung nicht mehr erforderlich ist, oder schr\u00e4nken die Verarbeitung ein, falls gesetzliche Aufbewahrungspflichten bestehen.<br \/>(4)\u00a0\u00a0 \u00a0 Falls wir f\u00fcr einzelne Funktionen unseres Angebots auf beauftragte Dienstleister zur\u00fcckgreifen oder Ihre Daten f\u00fcr werbliche Zwecke nutzen m\u00f6chten, werden wir Sie untenstehend im Detail \u00fcber die jeweiligen Vorg\u00e4nge informieren. Dabei nennen wir auch die festgelegten Kriterien der Speicherdauer.<\/p>\n<p><b>\u00a0\u00a7 2 Ihre Rechte<\/b><br \/>\u00a0(1) \u00a0\u00a0 \u00a0Sie haben gegen\u00fcber uns folgende Rechte hinsichtlich der Sie betreffenden personenbezogenen Daten:<br \/>\u00a0\u2013Recht auf Auskunft,<br \/>\u00a0\u2013Recht auf Berichtigung oder L\u00f6schung,<br \/>\u00a0\u2013Recht auf Einschr\u00e4nkung der Verarbeitung,<br \/>\u00a0\u2013Recht auf Widerspruch gegen die Verarbeitung,<br \/>\u00a0\u2013Recht auf Daten\u00fcbertragbarkeit.<br \/>\u00a0(2)\u00a0\u00a0 \u00a0 Sie haben zudem das Recht, sich bei einer Datenschutz-Aufsichtsbeh\u00f6rde \u00fcber die Verarbeitung Ihrer personenbezogenen Daten durch uns zu beschweren.<\/p>\n<p><b>\u00a0\u00a7 3 Erhebung personenbezogener Daten bei Besuch unserer Website<\/b><br \/>\u00a0(1) \u00a0\u00a0 \u00a0Bei der blo\u00df informatorischen Nutzung der Website, also wenn Sie sich nicht registrieren oder uns anderweitig Informationen \u00fcbermitteln, erheben wir nur die personenbezogenen Daten, die Ihr Browser an unseren Server \u00fcbermittelt. Wenn Sie unsere Website betrachten m\u00f6chten, erheben wir die folgenden Daten, die f\u00fcr uns technisch erforderlich sind, um Ihnen unsere Website anzuzeigen und die Stabilit\u00e4t und Sicherheit zu gew\u00e4hrleisten (Rechtsgrundlage ist Art. 6 Abs. 1 S. 1 lit. f DS-GVO):<br \/>\u00a0\u2013IP-Adresse<br \/>\u00a0\u2013Datum und Uhrzeit der Anfrage<br \/>\u00a0\u2013Zeitzonendifferenz zur Greenwich Mean Time (GMT)<br \/>\u00a0\u2013Inhalt der Anforderung (konkrete Seite)<br \/>\u00a0\u2013Zugriffsstatus\/HTTP-Statuscode<br \/>\u00a0\u2013jeweils \u00fcbertragene Datenmenge<br \/>\u00a0\u2013Website, von der die Anforderung kommt<br \/>\u00a0\u2013Browser<br \/>\u00a0\u2013Betriebssystem und dessen Oberfl\u00e4che<br \/>\u00a0\u2013Sprache und Version der Browsersoftware.<\/p>\n<p><b>\u00a7 4 Nutzung unseres Anmeldeformulars<\/b><br \/>(1)\u00a0\u00a0 \u00a0Soweit Sie die angebotene Anmeldung auf unserer Seite nutzen m\u00f6chten, m\u00fcssen Sie sich mittels Angabe Ihrer E-Mail-Adresse, eines selbst gew\u00e4hlten Passworts sowie Ihres frei w\u00e4hlbaren Benutzernamens registrieren. Es besteht kein Klarnamenszwang, eine pseudonyme Nutzung ist m\u00f6glich. Wir verwenden f\u00fcr die Registrierung das sog. Double-opt-in-Verfahren, d.?h. Ihre Registrierung ist erst abgeschlossen, wenn Sie zuvor Ihre Anmeldung \u00fcber eine Ihnen zu diesem Zweck zugesandte Best\u00e4tigungs-E-Mail durch Klick auf den darin enthaltenem Link best\u00e4tigt haben. Falls Ihre diesbez\u00fcgliche Best\u00e4tigung nicht binnen [24 Stunden] erfolgt, wird Ihre Anmeldung automatisch aus unserer Datenbank gel\u00f6scht. Die Angabe der zuvor genannten Daten ist verpflichtend, alle weiteren Informationen k\u00f6nnen Sie freiwillig durch Nutzung unseres Portals bereitstellen.<br \/>(2)\u00a0\u00a0 \u00a0Wenn Sie unser Portal nutzen, speichern wir Ihre zur Vertragserf\u00fcllung erforderlichen Daten, auch Angaben zur Zahlungsweise, bis Sie Ihren Zugang endg\u00fcltig l\u00f6schen. Weiterhin speichern wir die von Ihnen angegebenen freiwilligen Daten f\u00fcr die Zeit Ihrer Nutzung des Portals, soweit Sie diese nicht zuvor l\u00f6schen. Alle Angaben k\u00f6nnen Sie im gesch\u00fctzten Kundenbereich verwalten und \u00e4ndern. Rechtsgrundlage ist Art. 6 Abs. 1 S. 1 lit. f DS-GVO.<br \/>(3)\u00a0\u00a0 \u00a0Wenn Sie die Anmeldung nutzen, k\u00f6nnen Ihre Daten entsprechend der Vertragsleistung anderen Teilnehmern des Portals zug\u00e4nglich werden. Nicht angemeldete Mitglieder erhalten keine Informationen \u00fcber Sie. F\u00fcr alle angemeldeten Mitglieder sind Ihr [Benutzername und Foto] sichtbar, unabh\u00e4ngig davon, ob Sie diese freigegeben haben. Demgegen\u00fcber ist ihr gesamtes Profil mit den von Ihnen freigegebenen Daten f\u00fcr alle Mitglieder sichtbar, die Sie als pers\u00f6nlichen Kontakt best\u00e4tigt haben. Wenn Sie Ihren pers\u00f6nlichen Kontakten Inhalte zug\u00e4nglich machen, die Sie nicht mittels einer privaten Nachricht senden, sind diese Inhalte f\u00fcr Dritte einsehbar, soweit Ihr pers\u00f6nlicher Kontakt die Freigabe erteilt hat. Soweit Sie Beitr\u00e4ge in \u00f6ffentlichen Gruppen einstellen, sind diese f\u00fcr alle angemeldeten Mitglieder des Portals sichtbar.<br \/>(4)\u00a0\u00a0 \u00a0Um unberechtigte Zugriffe Dritter auf Ihre pers\u00f6nlichen Daten, insbesondere Finanzdaten, zu verhindern, wird die Verbindung per TLS-Technik verschl\u00fcsselt.<\/p>\n<p><b>\u00a7 5 E-Mail-Kontaktm\u00f6glichkeit \u00fcber unsere\u00a0 Seite<\/b><br \/>Unsere Seite beinhaltet die M\u00f6glichkeit zur elektronischen Kontaktaufnahme per E-Mail sowie per Kontaktformular. Soweit Sie diese Funktion nutzen, werden die von Ihnen an uns \u00fcbermittelten personenbezogenen Daten f\u00fcr Zwecke der Bearbeitung Ihres Anliegens oder f\u00fcr eine Kontaktaufnahme unsererseits (Beantwortung Ihrer E-Mail) gespeichert. Eine Weitergabe dieser personenbezogenen Daten an Dritte erfolgt nicht.<\/p>\n<p><b>\u00a7 6 Nutzung der G\u00e4stebuch-\/Kommentar-Funktionen<\/b><br \/>(1)\u00a0\u00a0 \u00a0Auf unserer Seite k\u00f6nnen Sie \u00f6ffentliche Kommentare abgeben. Ihr Kommentar wird mit Ihrem angegebenen Nutzernamen bei dem Beitrag ver\u00f6ffentlicht. Wir empfehlen, ein Pseudonym statt Ihres Klarnamens zu verwenden. Die Angabe von Nutzernamen und E-Mail-Adresse ist erforderlich, alle weiteren Informationen sind freiwillig. Wenn Sie einen Kommentar abgeben, speichern wir weiterhin Ihre IP-Adresse, die wir nach [einer Woche] l\u00f6schen. Die Speicherung ist f\u00fcr uns erforderlich, um uns in F\u00e4llen einer m\u00f6glichen Ver\u00f6ffentlichung widerrechtlicher Inhalte gegen Haftungsanspr\u00fcche verteidigen zu k\u00f6nnen. Ihre E-Mail-Adresse ben\u00f6tigen wir, um mit Ihnen in Kontakt zu treten, falls ein Dritter Ihren Kommentar als rechtswidrig beanstanden sollte. Rechtsgrundlagen sind Art. 6 Abs. 1 S. 1 lit. b und f DS-GVO. Die Kommentare werden vor Ver\u00f6ffentlichung nicht gepr\u00fcft. Wir behalten uns vor, Kommentare zu l\u00f6schen, wenn sie von Dritten als rechtswidrig beanstandet werden.<br \/>\u00a7 7 Einbindung von Google Maps<br \/>(1)\u00a0\u00a0 \u00a0Auf dieser Webseite nutzen wir das Angebot von Google Maps. Dadurch k\u00f6nnen wir Ihnen interaktive Karten direkt in der Website anzeigen und erm\u00f6glichen Ihnen die komfortable Nutzung der Karten-Funktion.<br \/>(2)\u00a0\u00a0 \u00a0Durch den Besuch auf der Website erh\u00e4lt Google die Information, dass Sie die entsprechende Unterseite unserer Website aufgerufen haben. Zudem werden die unter \u00a7 3 dieser Erkl\u00e4rung genannten Daten \u00fcbermittelt. Dies erfolgt unabh\u00e4ngig davon, ob Google ein Nutzerkonto bereitstellt, \u00fcber das Sie eingeloggt sind, oder ob kein Nutzerkonto besteht. Wenn Sie bei Google eingeloggt sind, werden Ihre Daten direkt Ihrem Konto zugeordnet. Wenn Sie die Zuordnung mit Ihrem Profil bei Google nicht w\u00fcnschen, m\u00fcssen Sie sich vor Aktivierung des Buttons ausloggen. Google speichert Ihre Daten als Nutzungsprofile und nutzt sie f\u00fcr Zwecke der Werbung, Marktforschung und\/oder bedarfsgerechten Gestaltung seiner Website. Eine solche Auswertung erfolgt insbesondere (selbst f\u00fcr nicht eingeloggte Nutzer) zur Erbringung von bedarfsgerechter Werbung und um andere Nutzer des sozialen Netzwerks \u00fcber Ihre Aktivit\u00e4ten auf unserer Website zu informieren. Ihnen steht ein Widerspruchsrecht zu gegen die Bildung dieser Nutzerprofile, wobei Sie sich zur Aus\u00fcbung dessen an Google richten m\u00fcssen.<br \/>Die Adresse des Anbieters und URL mit deren Datenschutzhinweisen lautet Google Inc., 1600 Amphitheater Parkway, Mountainview, California 94043, USA;\u00a0<a href=\"https:\/\/www.google.com\/policies\/privacy\/partners\/?hl=de\" target=\"_blank\" rel=\"noopener\">www.google.com\/policies\/privacy\/partners\/<\/a>. Google hat sich dem EU-US-Privacy-Shield unterworfen,\u00a0<a href=\"https:\/\/www.privacyshield.gov\/EU-US-Framework\" target=\"_blank\" rel=\"noopener\">www.privacyshield.gov\/EU-US-Framework<\/a>.<br \/>(3)\u00a0\u00a0 \u00a0Weitere Informationen zu Zweck und Umfang der Datenerhebung und ihrer Verarbeitung durch den Plug-in-Anbieter erhalten Sie in den Datenschutzerkl\u00e4rungen des Anbieters. Dort erhalten Sie auch weitere Informationen zu Ihren diesbez\u00fcglichen Rechten und Einstellungsm\u00f6glichkeiten zum Schutze Ihrer Privatsph\u00e4re:\u00a0<a href=\"http:\/\/www.google.de\/intl\/de\/policies\/privacy\" target=\"_blank\" rel=\"noopener\">www.google.de\/intl\/de\/policies\/privacy<\/a>. Google verarbeitet Ihre personenbezogenen Daten auch in den USA und hat sich dem EU-US Privacy Shield unterworfen,\u00a0<a href=\"https:\/\/www.privacyshield.gov\/EU-US-Framework\" target=\"_blank\" rel=\"noopener\">www.privacyshield.gov\/EU-US-Framework<\/a>.<\/p>\n<p><b>\u00a7 8\u00a0 Verwendung von Analyse-Software AWStats<\/b><br \/>(1)\u00a0\u00a0 \u00a0Unsere Webseite nutzt AWStats, eine freie, unter\u00a0<a href=\"http:\/\/www.awstats.org\/\" target=\"_blank\" rel=\"noopener\">www.awstats.org<\/a>\u00a0verf\u00fcgbare Webanalyse-Software des Entwicklers Laurent Destailleur (&#x63;&#x6f;&#110;t&#x61;&#x63;&#116;&#64;d&#x65;&#x73;&#116;a&#x69;&#x6c;&#108;&#101;u&#x72;&#x2e;&#102;r). Sie wird zur Auswertung von Logdateien verwendet, die Webserver auf Basis von Besucheranfragen erstellen. AWStats erzeugt Berichte als HTML-Seiten, die mit einem Browser betrachtet werden k\u00f6nnen und auf diese Weise beispielsweise direkt von der analysierten Webseite verlinkt werden k\u00f6nnen.<br \/>AWStats nutzt f\u00fcr die Auswertung keine Cookies. Die Analyse erfolgt \u00fcber die auf unserem Server gef\u00fchrten Log-Dateien, die auch IP-Adressen enthalten. Diese Daten sind in der Regel nicht bestimmten Personen zuzuordnen. Eine Zusammenf\u00fchrung dieser Log-Dateien mit anderen Datenquellen wird nicht vorgenommen, die Log-Dateien werden auch nach einer statistischen Auswertung\u00a0 nach einem Monat automatisch gel\u00f6scht.<br \/>Durch das Programm werden keine Daten an Dritte \u00fcbermittelt. So erfolgt insbesondere keine \u00dcbertragung von Daten ins Ausland, da unser Server sich in Deutschland befindet.<br \/>Weitere Informationen zum Datenschutz im Messverfahren finden Sie auf der Webseite\u00a0<a href=\"http:\/\/www.awstats.org\/#DOC\" target=\"_blank\" rel=\"noopener\">www.awstats.org<\/a>\u00a0und der Datenschutzwebseite der IVW (http:\/\/www.ivw.eu).<br \/>(2)\u00a0\u00a0 \u00a0Wir nutzen die Software AWStats, um die Nutzung unserer Website analysieren und regelm\u00e4\u00dfig verbessern zu k\u00f6nnen. \u00dcber die gewonnenen Statistiken k\u00f6nnen wir unser Angebot verbessern und f\u00fcr Sie als Nutzer interessanter ausgestalten. Rechtsgrundlage f\u00fcr die Nutzung des SZM-Verfahrens ist Art. 6 Abs. 1 S. 1 lit. f DS-GVO<\/p>\n<p><i>Die Datenschutzerkl\u00e4rung wurde erstellt durch:\u00a0<a href=\"http:\/\/www.gutterer.de\/\" target=\"_blank\" rel=\"noopener\">www.gutterer.de<\/a><\/i><\/p>\n<p class=\"bodytext\">\u00a0<\/p>\n<\/p><\/div>\n<\/p><\/div>\n<\/p><\/div>\n<div class=\"builder-text-row\">\n<div class=\"builder-text-column builder-text-column-2\" id=\"builder-section-text_30-column-1\">\n<div class=\"builder-text-content\">\n\t\t\t\t\t\t\t\t\t\t\t<\/div>\n<\/p><\/div>\n<\/p><\/div>\n<div class=\"builder-text-row\">\n<div class=\"builder-text-column builder-text-column-3\" id=\"builder-section-text_30-column-1\">\n<div class=\"builder-text-content\">\n\t\t\t\t\t\t\t\t\t\t\t<\/div>\n<\/p><\/div>\n<\/p><\/div>\n<\/p><\/div>\n<\/section>\n","protected":false},"excerpt":{"rendered":"<p>Datenschutzerkl\u00e4rung \u00a7 1 Information \u00fcber die Erhebung personenbezogener Daten\u00a0(1)\u00a0\u00a0 \u00a0 Im Folgenden informieren wir Sie \u00fcber die Erhebung personenbezogener Daten bei Nutzung unserer Website. Personenbezogene Daten sind alle Daten, die auf Sie pers\u00f6nlich beziehbar sind, z.B. Name, Adresse, E-Mail-Adressen, Nutzerverhalten.\u00a0(2) \u00a0\u00a0 \u00a0Verantwortlicher gem. Art. 4 Abs. 7 EU-Datenschutz-Grundverordnung (DS-GVO) ist: Paul Guenther Oberschule\/Paul Guenther GrundschuleSchulleitung:Frau &hellip;<\/p>\n","protected":false},"author":1,"featured_media":0,"parent":0,"menu_order":0,"comment_status":"closed","ping_status":"closed","template":"template-builder.php","meta":{"footnotes":""},"class_list":["post-19","page","type-page","status-publish","hentry"],"yoast_head":"<!-- This site is optimized with the Yoast SEO plugin v23.7 - https:\/\/yoast.com\/wordpress\/plugins\/seo\/ -->\n<title>Datenschutzerkl\u00e4rung - Oberschule &amp; Grundschule Paul-Guenther Geithain<\/title>\n<meta name=\"robots\" content=\"index, follow, max-snippet:-1, max-image-preview:large, max-video-preview:-1\" \/>\n<link rel=\"canonical\" href=\"https:\/\/www.paul-guenther-schule.de\/index.php\/datenschutzerklaerung-2\/\" \/>\n<meta property=\"og:locale\" content=\"de_DE\" \/>\n<meta property=\"og:type\" content=\"article\" \/>\n<meta property=\"og:title\" content=\"Datenschutzerkl\u00e4rung - Oberschule &amp; Grundschule Paul-Guenther Geithain\" \/>\n<meta property=\"og:description\" content=\"Datenschutzerkl\u00e4rung \u00a7 1 Information \u00fcber die Erhebung personenbezogener Daten\u00a0(1)\u00a0\u00a0 \u00a0 Im Folgenden informieren wir Sie \u00fcber die Erhebung personenbezogener Daten bei Nutzung unserer Website. Personenbezogene Daten sind alle Daten, die auf Sie pers\u00f6nlich beziehbar sind, z.B. Name, Adresse, E-Mail-Adressen, Nutzerverhalten.\u00a0(2) \u00a0\u00a0 \u00a0Verantwortlicher gem. Art. 4 Abs. 7 EU-Datenschutz-Grundverordnung (DS-GVO) ist: Paul Guenther Oberschule\/Paul Guenther GrundschuleSchulleitung:Frau &hellip;\" \/>\n<meta property=\"og:url\" content=\"https:\/\/www.paul-guenther-schule.de\/index.php\/datenschutzerklaerung-2\/\" \/>\n<meta property=\"og:site_name\" content=\"Oberschule &amp; Grundschule Paul-Guenther Geithain\" \/>\n<meta property=\"article:modified_time\" content=\"2024-02-19T12:01:53+00:00\" \/>\n<meta name=\"twitter:card\" content=\"summary_large_image\" \/>\n<meta name=\"twitter:label1\" content=\"Gesch\u00e4tzte Lesezeit\" \/>\n\t<meta name=\"twitter:data1\" content=\"8\u00a0Minuten\" \/>\n<script type=\"application\/ld+json\" class=\"yoast-schema-graph\">{\"@context\":\"https:\/\/schema.org\",\"@graph\":[{\"@type\":\"WebPage\",\"@id\":\"https:\/\/www.paul-guenther-schule.de\/index.php\/datenschutzerklaerung-2\/\",\"url\":\"https:\/\/www.paul-guenther-schule.de\/index.php\/datenschutzerklaerung-2\/\",\"name\":\"Datenschutzerkl\u00e4rung - Oberschule &amp; Grundschule Paul-Guenther Geithain\",\"isPartOf\":{\"@id\":\"https:\/\/www.paul-guenther-schule.de\/#website\"},\"datePublished\":\"2024-01-04T10:31:13+00:00\",\"dateModified\":\"2024-02-19T12:01:53+00:00\",\"breadcrumb\":{\"@id\":\"https:\/\/www.paul-guenther-schule.de\/index.php\/datenschutzerklaerung-2\/#breadcrumb\"},\"inLanguage\":\"de\",\"potentialAction\":[{\"@type\":\"ReadAction\",\"target\":[\"https:\/\/www.paul-guenther-schule.de\/index.php\/datenschutzerklaerung-2\/\"]}]},{\"@type\":\"BreadcrumbList\",\"@id\":\"https:\/\/www.paul-guenther-schule.de\/index.php\/datenschutzerklaerung-2\/#breadcrumb\",\"itemListElement\":[{\"@type\":\"ListItem\",\"position\":1,\"name\":\"Home\",\"item\":\"https:\/\/www.paul-guenther-schule.de\/\"},{\"@type\":\"ListItem\",\"position\":2,\"name\":\"Datenschutzerkl\u00e4rung\"}]},{\"@type\":\"WebSite\",\"@id\":\"https:\/\/www.paul-guenther-schule.de\/#website\",\"url\":\"https:\/\/www.paul-guenther-schule.de\/\",\"name\":\"Oberschule &amp; Grundschule Paul-Guenther Geithain\",\"description\":\"\",\"publisher\":{\"@id\":\"https:\/\/www.paul-guenther-schule.de\/#organization\"},\"potentialAction\":[{\"@type\":\"SearchAction\",\"target\":{\"@type\":\"EntryPoint\",\"urlTemplate\":\"https:\/\/www.paul-guenther-schule.de\/?s={search_term_string}\"},\"query-input\":{\"@type\":\"PropertyValueSpecification\",\"valueRequired\":true,\"valueName\":\"search_term_string\"}}],\"inLanguage\":\"de\"},{\"@type\":\"Organization\",\"@id\":\"https:\/\/www.paul-guenther-schule.de\/#organization\",\"name\":\"Oberschule &amp; Grundschule Paul-Guenther Geithain\",\"url\":\"https:\/\/www.paul-guenther-schule.de\/\",\"logo\":{\"@type\":\"ImageObject\",\"inLanguage\":\"de\",\"@id\":\"https:\/\/www.paul-guenther-schule.de\/#\/schema\/logo\/image\/\",\"url\":\"https:\/\/www.paul-guenther-schule.de\/wp-content\/uploads\/2024\/01\/cropped-header-pauli-eule-04.png\",\"contentUrl\":\"https:\/\/www.paul-guenther-schule.de\/wp-content\/uploads\/2024\/01\/cropped-header-pauli-eule-04.png\",\"width\":1040,\"height\":294,\"caption\":\"Oberschule &amp; Grundschule Paul-Guenther Geithain\"},\"image\":{\"@id\":\"https:\/\/www.paul-guenther-schule.de\/#\/schema\/logo\/image\/\"}}]}<\/script>\n<!-- \/ Yoast SEO plugin. -->","yoast_head_json":{"title":"Datenschutzerkl\u00e4rung - Oberschule &amp; Grundschule Paul-Guenther Geithain","robots":{"index":"index","follow":"follow","max-snippet":"max-snippet:-1","max-image-preview":"max-image-preview:large","max-video-preview":"max-video-preview:-1"},"canonical":"https:\/\/www.paul-guenther-schule.de\/index.php\/datenschutzerklaerung-2\/","og_locale":"de_DE","og_type":"article","og_title":"Datenschutzerkl\u00e4rung - Oberschule &amp; Grundschule Paul-Guenther Geithain","og_description":"Datenschutzerkl\u00e4rung \u00a7 1 Information \u00fcber die Erhebung personenbezogener Daten\u00a0(1)\u00a0\u00a0 \u00a0 Im Folgenden informieren wir Sie \u00fcber die Erhebung personenbezogener Daten bei Nutzung unserer Website. Personenbezogene Daten sind alle Daten, die auf Sie pers\u00f6nlich beziehbar sind, z.B. Name, Adresse, E-Mail-Adressen, Nutzerverhalten.\u00a0(2) \u00a0\u00a0 \u00a0Verantwortlicher gem. Art. 4 Abs. 7 EU-Datenschutz-Grundverordnung (DS-GVO) ist: Paul Guenther Oberschule\/Paul Guenther GrundschuleSchulleitung:Frau &hellip;","og_url":"https:\/\/www.paul-guenther-schule.de\/index.php\/datenschutzerklaerung-2\/","og_site_name":"Oberschule &amp; Grundschule Paul-Guenther Geithain","article_modified_time":"2024-02-19T12:01:53+00:00","twitter_card":"summary_large_image","twitter_misc":{"Gesch\u00e4tzte Lesezeit":"8\u00a0Minuten"},"schema":{"@context":"https:\/\/schema.org","@graph":[{"@type":"WebPage","@id":"https:\/\/www.paul-guenther-schule.de\/index.php\/datenschutzerklaerung-2\/","url":"https:\/\/www.paul-guenther-schule.de\/index.php\/datenschutzerklaerung-2\/","name":"Datenschutzerkl\u00e4rung - Oberschule &amp; Grundschule Paul-Guenther Geithain","isPartOf":{"@id":"https:\/\/www.paul-guenther-schule.de\/#website"},"datePublished":"2024-01-04T10:31:13+00:00","dateModified":"2024-02-19T12:01:53+00:00","breadcrumb":{"@id":"https:\/\/www.paul-guenther-schule.de\/index.php\/datenschutzerklaerung-2\/#breadcrumb"},"inLanguage":"de","potentialAction":[{"@type":"ReadAction","target":["https:\/\/www.paul-guenther-schule.de\/index.php\/datenschutzerklaerung-2\/"]}]},{"@type":"BreadcrumbList","@id":"https:\/\/www.paul-guenther-schule.de\/index.php\/datenschutzerklaerung-2\/#breadcrumb","itemListElement":[{"@type":"ListItem","position":1,"name":"Home","item":"https:\/\/www.paul-guenther-schule.de\/"},{"@type":"ListItem","position":2,"name":"Datenschutzerkl\u00e4rung"}]},{"@type":"WebSite","@id":"https:\/\/www.paul-guenther-schule.de\/#website","url":"https:\/\/www.paul-guenther-schule.de\/","name":"Oberschule &amp; Grundschule Paul-Guenther Geithain","description":"","publisher":{"@id":"https:\/\/www.paul-guenther-schule.de\/#organization"},"potentialAction":[{"@type":"SearchAction","target":{"@type":"EntryPoint","urlTemplate":"https:\/\/www.paul-guenther-schule.de\/?s={search_term_string}"},"query-input":{"@type":"PropertyValueSpecification","valueRequired":true,"valueName":"search_term_string"}}],"inLanguage":"de"},{"@type":"Organization","@id":"https:\/\/www.paul-guenther-schule.de\/#organization","name":"Oberschule &amp; Grundschule Paul-Guenther Geithain","url":"https:\/\/www.paul-guenther-schule.de\/","logo":{"@type":"ImageObject","inLanguage":"de","@id":"https:\/\/www.paul-guenther-schule.de\/#\/schema\/logo\/image\/","url":"https:\/\/www.paul-guenther-schule.de\/wp-content\/uploads\/2024\/01\/cropped-header-pauli-eule-04.png","contentUrl":"https:\/\/www.paul-guenther-schule.de\/wp-content\/uploads\/2024\/01\/cropped-header-pauli-eule-04.png","width":1040,"height":294,"caption":"Oberschule &amp; Grundschule Paul-Guenther Geithain"},"image":{"@id":"https:\/\/www.paul-guenther-schule.de\/#\/schema\/logo\/image\/"}}]}},"publishpress_future_action":{"enabled":false,"date":"2026-05-08 19:57:33","action":"change-status","newStatus":"draft","terms":[],"taxonomy":""},"publishpress_future_workflow_manual_trigger":{"enabledWorkflows":[]},"_links":{"self":[{"href":"https:\/\/www.paul-guenther-schule.de\/index.php\/wp-json\/wp\/v2\/pages\/19","targetHints":{"allow":["GET"]}}],"collection":[{"href":"https:\/\/www.paul-guenther-schule.de\/index.php\/wp-json\/wp\/v2\/pages"}],"about":[{"href":"https:\/\/www.paul-guenther-schule.de\/index.php\/wp-json\/wp\/v2\/types\/page"}],"author":[{"embeddable":true,"href":"https:\/\/www.paul-guenther-schule.de\/index.php\/wp-json\/wp\/v2\/users\/1"}],"replies":[{"embeddable":true,"href":"https:\/\/www.paul-guenther-schule.de\/index.php\/wp-json\/wp\/v2\/comments?post=19"}],"version-history":[{"count":4,"href":"https:\/\/www.paul-guenther-schule.de\/index.php\/wp-json\/wp\/v2\/pages\/19\/revisions"}],"predecessor-version":[{"id":1046,"href":"https:\/\/www.paul-guenther-schule.de\/index.php\/wp-json\/wp\/v2\/pages\/19\/revisions\/1046"}],"wp:attachment":[{"href":"https:\/\/www.paul-guenther-schule.de\/index.php\/wp-json\/wp\/v2\/media?parent=19"}],"curies":[{"name":"wp","href":"https:\/\/api.w.org\/{rel}","templated":true}]}}