{"id":311,"date":"2024-01-09T15:26:45","date_gmt":"2024-01-09T14:26:45","guid":{"rendered":"https:\/\/www.paul-guenther-schule.de\/?page_id=311"},"modified":"2026-03-16T15:49:21","modified_gmt":"2026-03-16T14:49:21","slug":"foerderverein","status":"publish","type":"page","link":"https:\/\/www.paul-guenther-schule.de\/index.php\/unsere-pauli\/foerderverein\/","title":{"rendered":"F\u00f6rderverein"},"content":{"rendered":"<h1>Der gemeinn\u00fctzige F\u00f6rderverein der Paul-Guenther-Schule&#8230;<\/h1>\n<p>&#8230;wurde am 15. August 1994 in das Vereinsregister eingetragen.<\/p>\n<p>Der Verein dient der F\u00f6rderung und W\u00fcrdigung des Lebenswerkes von Paul Guenther als Begr\u00fcnder der Stiftung. Er hat den Zweck, die Erziehungs- und Bildungsarbeit an der Schule ideell und materiell zu f\u00f6rdern und zu unterst\u00fctzen. Insbesondere will der Verein die Gemeinschaft zwischen Schule, Eltern, Sch\u00fclern, ehemaligen Sch\u00fclern und Freunden der Schule erhalten und f\u00f6rdern.<br \/>\nIn den Vorstand wurden gew\u00e4hlt:<\/p>\n<p>Herr Holger Quendt<br \/>\nFrau Julia Kuhn<br \/>\nFrau Ute Vockerodt<br \/>\nHerr Gunter Neuhaus<br \/>\nHerr Felix Flatau<br \/>\nFrau Heike Hille<\/p>\n<p>E-Mail: &#102;&#x6f;&#x65;r&#100;&#x65;&#x72;v&#101;&#x72;e&#105;&#x6e;&#x70;g&#115;&#x40;t&#45;&#x6f;&#x6e;l&#105;&#x6e;&#x65;&#46;&#x64;&#x65;<\/p>\n<p>Kontodaten:<br \/>\nIBAN: DE61 8605 5592 1130 0180 71<br \/>\nBIC: WELADE8LXXX<\/p>\n<hr class=\"ttfmake-hr\" style=\"border-style: double; border-top-width: 6px;\" \/>\n<h3 class=\"bodytext\">Alle Sch\u00fcler der Oberschule erhalten:<\/h3>\n<ul>\n<li>ein Schul-T-Shirt,<\/li>\n<li>die M\u00f6glichkeit, sich mit einem Stein den eigenen Grundstein f\u00fcr ihre Laufbahn an unserer Schule zu legen,<\/li>\n<li>bei einem Zensurendurchschnitt von 1,5 und besser eine Belobigung des F\u00f6rdervereins und eine Pr\u00e4mie,<\/li>\n<li>die M\u00f6glichkeit zur Auszeichnung f\u00fcr besondere soziale Leistungen,<\/li>\n<li>die M\u00f6glichkeit f\u00fcr eine Pr\u00e4mie f\u00fcr den Aufsteiger des Jahres,<\/li>\n<li>die M\u00f6glichkeit f\u00fcr den Eintrag auf den Ehrentafeln der Schule sowie einer Pr\u00e4mie bei einem Abschlussdurchschnitt von 1,5 und besser.<\/li>\n<\/ul>\n<hr class=\"ttfmake-hr\" style=\"border-style: double; border-top-width: 6px;\" \/>\n<h3><strong>Virginia Vanderbilt &#8211; ein Nachruf<br \/>\n<\/strong><strong>* 18.03.1923\u00a0\u00a0\u00a0\u00a0 + 22.12.2025<\/strong><\/h3>\n<p>Zu unserem gro\u00dfen Bedauern verstarb im 100. Jubil\u00e4umsjahr der Schulweihe der Paul-Guenther-Schule Geithain die Enkelin des Schulstifters Paul Guenther.<\/p>\n<p>1995 besuchte sie auf den Spuren ihres Gro\u00dfvaters seine Geburtsstadt, wurde herzlich empfangen und lernte Geithain, die Schule und Sachsen kennen. Gemeinsam mit Ehemann Robert und Sohn Paul wohnte sie den Feierlichkeiten zum 70-j\u00e4hrigen Bestehen der Schule bei.<\/p>\n<p>Paul Guenther gr\u00fcndete 1919 zu Ehren seiner Eltern die Bruno-und Therese-G\u00fcnther Stiftung. Virginia Vanderbilt hat die Spendentradition der Familie Guenther f\u00fcr Geithain und die Schule fortgef\u00fchrt und wurde 1995 mit dem Titel &#8222;Ehrenb\u00fcrgerin der Stadt Geithain&#8220; geehrt.<\/p>\n<p>Stets interessiert am Vorankommen von Schule und Sch\u00fclern forderte sie regelm\u00e4\u00dfig Informationen. Selbst als die gro\u00dfe Schulschlie\u00dfungswelle \u00fcber Sachsen wogte, schrieb sie an das Kultusministerium, um Ihren Beitrag zur Schulerhaltung der Paul-Guenther-Schule Geithain zu leisten. Sehr positiv stand sie der Entstehung der &#8222;Ersten S\u00e4chsischen Gemeinschaftsschule\/Schule mit besonderem p\u00e4dagogischen Profil&#8220; gegen\u00fcber und freute sich \u00fcber die stark gestiegenen Sch\u00fclerzahlen.<\/p>\n<p>Dank ihrer Zuwendungen konnten der Unterricht bereichert, Motivationen geschaffen, Auszeichnungen ausgelobt und H\u00f6hepunkte im Schulalltag verwirklicht werden.<br \/>\nDamit hat sie bleibende Spuren in Geithain hinterlassen und wir werden sie in ewiger und dankbarer Erinnerung behalten.<br \/>\nHoffen wir, dass ihre letzte gro\u00dfe Wohltat an die Stadt Geithain mit einer dauerhaft bleibenden Erinnerung f\u00fcr die Schule verbunden sein wird.<\/p>\n<p>Gunter Neuhaus und Holger Quendt<br \/>\nim Namen des Vorstandes des F\u00f6rdervereins<br \/>\nund des Teams der Paul-Guenther-Schule<\/p>\n<p>&nbsp;<\/p>\n<hr class=\"ttfmake-hr\" style=\"border-style: double; border-top-width: 6px;\" \/>\n<h3>\u201ePaul Guenther und seine Schule in Geithain\u201c<\/h3>\n<p><a href=\"https:\/\/www.paul-guenther-schule.de\/wp-content\/uploads\/2024\/01\/buch_Paul_guenther.jpg\"><img loading=\"lazy\" decoding=\"async\" class=\"alignleft wp-image-616\" src=\"https:\/\/www.paul-guenther-schule.de\/wp-content\/uploads\/2024\/01\/buch_Paul_guenther-193x300.jpg\" alt=\"\" width=\"150\" height=\"233\" srcset=\"https:\/\/www.paul-guenther-schule.de\/wp-content\/uploads\/2024\/01\/buch_Paul_guenther-193x300.jpg 193w, https:\/\/www.paul-guenther-schule.de\/wp-content\/uploads\/2024\/01\/buch_Paul_guenther.jpg 514w\" sizes=\"auto, (max-width: 150px) 100vw, 150px\" \/><\/a>Unter diesem Titel gibt der F\u00f6rderverein der Geithainer Paul-Guenther-Schule ein ca. 200 Seiten umfassendes Buch \u00fcber das Leben des Schulstifters und die Geschichte der Paul-Guenther-Schule heraus. Dr. Gottfried Senf, der Autor des Buches, belegt mit interessanten Legenden, Anekdoten und Erinnerungen die geschichtliche Entwicklung von der zeitweise namenlosen Schule \u00fcber die Juri-Gagarin-Schule bis zur heutigen Paul-Guenther-Schule.<\/p>\n<p>Erh\u00e4ltlich ist das Buch im Sekretariat der Schule.<\/p>\n<p><a href=\"https:\/\/www.engelsdorfer-verlag.de\/Geschichte\/Regionalgeschichte-Laendergeschichte\/Paul-Guenther-und-seine-Schule-in-Geithain::2195.html\"> <span class=\"ttfmake-icon mceNonEditable fas\">\uf35d<\/span>\u00a0 Paul Guenther und seine Schule in Geithain (engelsdorfer-verlag.de)<\/a><\/p>\n<div><\/div>\n<div>\n<hr class=\"ttfmake-hr\" style=\"border-style: double; border-top-width: 6px;\" \/>\n<\/div>\n<h3 class=\"csc-header csc-header-n5\">Dr. Gottfried Senf &#8211; Ein Lehrer und Heimatforscher<\/h3>\n<p class=\"align-justify\"><img loading=\"lazy\" decoding=\"async\" class=\"size-full wp-image-614 alignleft\" src=\"https:\/\/www.paul-guenther-schule.de\/wp-content\/uploads\/2024\/01\/gottfried-senf.jpg\" alt=\"\" width=\"200\" height=\"270\" \/>V\u00f6llig unerwartet erfuhren wir\u00a0 vom Tod unseres ehemaligen Kollegen und F\u00f6rdervereinsmitgliedes.<br \/>\nAls Lehrer und begeisterter Freizeitsportler gelang es ihm, die ihm anvertrauten Sch\u00fclerinnen und Sch\u00fcler von seinen F\u00e4chern Mathematik, Physik und Astronomie zu begeistern. Viele schw\u00e4rmen noch heute als Rentner von den Erlebnissen auf Radausfl\u00fcgen.<br \/>\nNeben seiner Lehrt\u00e4tigkeit erforschte der geb\u00fcrtige Tautenhainer die Heimatgeschichte und ver\u00f6ffentlichte regelm\u00e4\u00dfig. In diesem Zusammenhang machte er den ehemaligen Geithainer Ulrich Sommer in Kanada ausfindig und gemeinsam gelang es ihnen, die Enkelin des Schulstifters, Frau Vanderbilt, in London ausfindig zu machen und den Kontakt herzustellen. Die Aktivit\u00e4ten weiteten sich bis nach Dover N.J., der Wirkungsst\u00e4tte Paul Guenthers aus. Er forschte zu Lebensumst\u00e4nden, der Auswanderung und weiteren Verdiensten des Schulstifters, was in seinem Buch &#8222;Paul Guenther und seine Schule in Geithain&#8220; gipfelte. Seine Verdienste um eine nachhaltige Erinnerungskultur werden bleiben.<br \/>\nMit ihm verlieren wir einen geachteten, streitbaren und akribisch beobachtenden Zeitzeugen.<\/p>\n<p class=\"bodytext\">Wir trauern<br \/>\nF\u00f6rderverein der Paul-Guenther-Schule Geithain e. V.<\/p>\n","protected":false},"excerpt":{"rendered":"<p>Der gemeinn\u00fctzige F\u00f6rderverein der Paul-Guenther-Schule&#8230; &#8230;wurde am 15. August 1994 in das Vereinsregister eingetragen. Der Verein dient der F\u00f6rderung und W\u00fcrdigung des Lebenswerkes von Paul Guenther als Begr\u00fcnder der Stiftung. Er hat den Zweck, die Erziehungs- und Bildungsarbeit an der Schule ideell und materiell zu f\u00f6rdern und zu unterst\u00fctzen. Insbesondere will der Verein die Gemeinschaft &hellip;<\/p>\n","protected":false},"author":1,"featured_media":0,"parent":11,"menu_order":0,"comment_status":"closed","ping_status":"closed","template":"","meta":{"footnotes":""},"class_list":["post-311","page","type-page","status-publish","hentry"],"yoast_head":"<!-- This site is optimized with the Yoast SEO plugin v23.7 - https:\/\/yoast.com\/wordpress\/plugins\/seo\/ -->\n<title>F\u00f6rderverein - Oberschule &amp; Grundschule Paul-Guenther Geithain<\/title>\n<meta name=\"robots\" content=\"index, follow, max-snippet:-1, max-image-preview:large, max-video-preview:-1\" \/>\n<link rel=\"canonical\" href=\"https:\/\/www.paul-guenther-schule.de\/index.php\/unsere-pauli\/foerderverein\/\" \/>\n<meta property=\"og:locale\" content=\"de_DE\" \/>\n<meta property=\"og:type\" content=\"article\" \/>\n<meta property=\"og:title\" content=\"F\u00f6rderverein - Oberschule &amp; Grundschule Paul-Guenther Geithain\" \/>\n<meta property=\"og:description\" content=\"Der gemeinn\u00fctzige F\u00f6rderverein der Paul-Guenther-Schule&#8230; &#8230;wurde am 15. August 1994 in das Vereinsregister eingetragen. Der Verein dient der F\u00f6rderung und W\u00fcrdigung des Lebenswerkes von Paul Guenther als Begr\u00fcnder der Stiftung. Er hat den Zweck, die Erziehungs- und Bildungsarbeit an der Schule ideell und materiell zu f\u00f6rdern und zu unterst\u00fctzen. Insbesondere will der Verein die Gemeinschaft &hellip;\" \/>\n<meta property=\"og:url\" content=\"https:\/\/www.paul-guenther-schule.de\/index.php\/unsere-pauli\/foerderverein\/\" \/>\n<meta property=\"og:site_name\" content=\"Oberschule &amp; Grundschule Paul-Guenther Geithain\" \/>\n<meta property=\"article:modified_time\" content=\"2026-03-16T14:49:21+00:00\" \/>\n<meta property=\"og:image\" content=\"https:\/\/www.paul-guenther-schule.de\/wp-content\/uploads\/2024\/01\/buch_Paul_guenther.jpg\" \/>\n\t<meta property=\"og:image:width\" content=\"514\" \/>\n\t<meta property=\"og:image:height\" content=\"800\" \/>\n\t<meta property=\"og:image:type\" content=\"image\/jpeg\" \/>\n<meta name=\"twitter:card\" content=\"summary_large_image\" \/>\n<meta name=\"twitter:label1\" content=\"Gesch\u00e4tzte Lesezeit\" \/>\n\t<meta name=\"twitter:data1\" content=\"5\u00a0Minuten\" \/>\n<script type=\"application\/ld+json\" class=\"yoast-schema-graph\">{\"@context\":\"https:\/\/schema.org\",\"@graph\":[{\"@type\":\"WebPage\",\"@id\":\"https:\/\/www.paul-guenther-schule.de\/index.php\/unsere-pauli\/foerderverein\/\",\"url\":\"https:\/\/www.paul-guenther-schule.de\/index.php\/unsere-pauli\/foerderverein\/\",\"name\":\"F\u00f6rderverein - Oberschule &amp; Grundschule Paul-Guenther Geithain\",\"isPartOf\":{\"@id\":\"https:\/\/www.paul-guenther-schule.de\/#website\"},\"primaryImageOfPage\":{\"@id\":\"https:\/\/www.paul-guenther-schule.de\/index.php\/unsere-pauli\/foerderverein\/#primaryimage\"},\"image\":{\"@id\":\"https:\/\/www.paul-guenther-schule.de\/index.php\/unsere-pauli\/foerderverein\/#primaryimage\"},\"thumbnailUrl\":\"https:\/\/www.paul-guenther-schule.de\/wp-content\/uploads\/2024\/01\/buch_Paul_guenther-193x300.jpg\",\"datePublished\":\"2024-01-09T14:26:45+00:00\",\"dateModified\":\"2026-03-16T14:49:21+00:00\",\"breadcrumb\":{\"@id\":\"https:\/\/www.paul-guenther-schule.de\/index.php\/unsere-pauli\/foerderverein\/#breadcrumb\"},\"inLanguage\":\"de\",\"potentialAction\":[{\"@type\":\"ReadAction\",\"target\":[\"https:\/\/www.paul-guenther-schule.de\/index.php\/unsere-pauli\/foerderverein\/\"]}]},{\"@type\":\"ImageObject\",\"inLanguage\":\"de\",\"@id\":\"https:\/\/www.paul-guenther-schule.de\/index.php\/unsere-pauli\/foerderverein\/#primaryimage\",\"url\":\"https:\/\/www.paul-guenther-schule.de\/wp-content\/uploads\/2024\/01\/buch_Paul_guenther.jpg\",\"contentUrl\":\"https:\/\/www.paul-guenther-schule.de\/wp-content\/uploads\/2024\/01\/buch_Paul_guenther.jpg\",\"width\":514,\"height\":800},{\"@type\":\"BreadcrumbList\",\"@id\":\"https:\/\/www.paul-guenther-schule.de\/index.php\/unsere-pauli\/foerderverein\/#breadcrumb\",\"itemListElement\":[{\"@type\":\"ListItem\",\"position\":1,\"name\":\"Home\",\"item\":\"https:\/\/www.paul-guenther-schule.de\/\"},{\"@type\":\"ListItem\",\"position\":2,\"name\":\"Unsere Pauli\",\"item\":\"https:\/\/www.paul-guenther-schule.de\/index.php\/unsere-pauli\/\"},{\"@type\":\"ListItem\",\"position\":3,\"name\":\"F\u00f6rderverein\"}]},{\"@type\":\"WebSite\",\"@id\":\"https:\/\/www.paul-guenther-schule.de\/#website\",\"url\":\"https:\/\/www.paul-guenther-schule.de\/\",\"name\":\"Oberschule &amp; Grundschule Paul-Guenther Geithain\",\"description\":\"\",\"publisher\":{\"@id\":\"https:\/\/www.paul-guenther-schule.de\/#organization\"},\"potentialAction\":[{\"@type\":\"SearchAction\",\"target\":{\"@type\":\"EntryPoint\",\"urlTemplate\":\"https:\/\/www.paul-guenther-schule.de\/?s={search_term_string}\"},\"query-input\":{\"@type\":\"PropertyValueSpecification\",\"valueRequired\":true,\"valueName\":\"search_term_string\"}}],\"inLanguage\":\"de\"},{\"@type\":\"Organization\",\"@id\":\"https:\/\/www.paul-guenther-schule.de\/#organization\",\"name\":\"Oberschule &amp; Grundschule Paul-Guenther Geithain\",\"url\":\"https:\/\/www.paul-guenther-schule.de\/\",\"logo\":{\"@type\":\"ImageObject\",\"inLanguage\":\"de\",\"@id\":\"https:\/\/www.paul-guenther-schule.de\/#\/schema\/logo\/image\/\",\"url\":\"https:\/\/www.paul-guenther-schule.de\/wp-content\/uploads\/2024\/01\/cropped-header-pauli-eule-04.png\",\"contentUrl\":\"https:\/\/www.paul-guenther-schule.de\/wp-content\/uploads\/2024\/01\/cropped-header-pauli-eule-04.png\",\"width\":1040,\"height\":294,\"caption\":\"Oberschule &amp; Grundschule Paul-Guenther Geithain\"},\"image\":{\"@id\":\"https:\/\/www.paul-guenther-schule.de\/#\/schema\/logo\/image\/\"}}]}<\/script>\n<!-- \/ Yoast SEO plugin. -->","yoast_head_json":{"title":"F\u00f6rderverein - Oberschule &amp; Grundschule Paul-Guenther Geithain","robots":{"index":"index","follow":"follow","max-snippet":"max-snippet:-1","max-image-preview":"max-image-preview:large","max-video-preview":"max-video-preview:-1"},"canonical":"https:\/\/www.paul-guenther-schule.de\/index.php\/unsere-pauli\/foerderverein\/","og_locale":"de_DE","og_type":"article","og_title":"F\u00f6rderverein - Oberschule &amp; Grundschule Paul-Guenther Geithain","og_description":"Der gemeinn\u00fctzige F\u00f6rderverein der Paul-Guenther-Schule&#8230; &#8230;wurde am 15. August 1994 in das Vereinsregister eingetragen. Der Verein dient der F\u00f6rderung und W\u00fcrdigung des Lebenswerkes von Paul Guenther als Begr\u00fcnder der Stiftung. Er hat den Zweck, die Erziehungs- und Bildungsarbeit an der Schule ideell und materiell zu f\u00f6rdern und zu unterst\u00fctzen. Insbesondere will der Verein die Gemeinschaft &hellip;","og_url":"https:\/\/www.paul-guenther-schule.de\/index.php\/unsere-pauli\/foerderverein\/","og_site_name":"Oberschule &amp; Grundschule Paul-Guenther Geithain","article_modified_time":"2026-03-16T14:49:21+00:00","og_image":[{"width":514,"height":800,"url":"https:\/\/www.paul-guenther-schule.de\/wp-content\/uploads\/2024\/01\/buch_Paul_guenther.jpg","type":"image\/jpeg"}],"twitter_card":"summary_large_image","twitter_misc":{"Gesch\u00e4tzte Lesezeit":"5\u00a0Minuten"},"schema":{"@context":"https:\/\/schema.org","@graph":[{"@type":"WebPage","@id":"https:\/\/www.paul-guenther-schule.de\/index.php\/unsere-pauli\/foerderverein\/","url":"https:\/\/www.paul-guenther-schule.de\/index.php\/unsere-pauli\/foerderverein\/","name":"F\u00f6rderverein - Oberschule &amp; Grundschule Paul-Guenther Geithain","isPartOf":{"@id":"https:\/\/www.paul-guenther-schule.de\/#website"},"primaryImageOfPage":{"@id":"https:\/\/www.paul-guenther-schule.de\/index.php\/unsere-pauli\/foerderverein\/#primaryimage"},"image":{"@id":"https:\/\/www.paul-guenther-schule.de\/index.php\/unsere-pauli\/foerderverein\/#primaryimage"},"thumbnailUrl":"https:\/\/www.paul-guenther-schule.de\/wp-content\/uploads\/2024\/01\/buch_Paul_guenther-193x300.jpg","datePublished":"2024-01-09T14:26:45+00:00","dateModified":"2026-03-16T14:49:21+00:00","breadcrumb":{"@id":"https:\/\/www.paul-guenther-schule.de\/index.php\/unsere-pauli\/foerderverein\/#breadcrumb"},"inLanguage":"de","potentialAction":[{"@type":"ReadAction","target":["https:\/\/www.paul-guenther-schule.de\/index.php\/unsere-pauli\/foerderverein\/"]}]},{"@type":"ImageObject","inLanguage":"de","@id":"https:\/\/www.paul-guenther-schule.de\/index.php\/unsere-pauli\/foerderverein\/#primaryimage","url":"https:\/\/www.paul-guenther-schule.de\/wp-content\/uploads\/2024\/01\/buch_Paul_guenther.jpg","contentUrl":"https:\/\/www.paul-guenther-schule.de\/wp-content\/uploads\/2024\/01\/buch_Paul_guenther.jpg","width":514,"height":800},{"@type":"BreadcrumbList","@id":"https:\/\/www.paul-guenther-schule.de\/index.php\/unsere-pauli\/foerderverein\/#breadcrumb","itemListElement":[{"@type":"ListItem","position":1,"name":"Home","item":"https:\/\/www.paul-guenther-schule.de\/"},{"@type":"ListItem","position":2,"name":"Unsere Pauli","item":"https:\/\/www.paul-guenther-schule.de\/index.php\/unsere-pauli\/"},{"@type":"ListItem","position":3,"name":"F\u00f6rderverein"}]},{"@type":"WebSite","@id":"https:\/\/www.paul-guenther-schule.de\/#website","url":"https:\/\/www.paul-guenther-schule.de\/","name":"Oberschule &amp; Grundschule Paul-Guenther Geithain","description":"","publisher":{"@id":"https:\/\/www.paul-guenther-schule.de\/#organization"},"potentialAction":[{"@type":"SearchAction","target":{"@type":"EntryPoint","urlTemplate":"https:\/\/www.paul-guenther-schule.de\/?s={search_term_string}"},"query-input":{"@type":"PropertyValueSpecification","valueRequired":true,"valueName":"search_term_string"}}],"inLanguage":"de"},{"@type":"Organization","@id":"https:\/\/www.paul-guenther-schule.de\/#organization","name":"Oberschule &amp; Grundschule Paul-Guenther Geithain","url":"https:\/\/www.paul-guenther-schule.de\/","logo":{"@type":"ImageObject","inLanguage":"de","@id":"https:\/\/www.paul-guenther-schule.de\/#\/schema\/logo\/image\/","url":"https:\/\/www.paul-guenther-schule.de\/wp-content\/uploads\/2024\/01\/cropped-header-pauli-eule-04.png","contentUrl":"https:\/\/www.paul-guenther-schule.de\/wp-content\/uploads\/2024\/01\/cropped-header-pauli-eule-04.png","width":1040,"height":294,"caption":"Oberschule &amp; Grundschule Paul-Guenther Geithain"},"image":{"@id":"https:\/\/www.paul-guenther-schule.de\/#\/schema\/logo\/image\/"}}]}},"publishpress_future_action":{"enabled":false,"date":"2026-05-07 11:17:41","action":"change-status","newStatus":"draft","terms":[],"taxonomy":""},"publishpress_future_workflow_manual_trigger":{"enabledWorkflows":[]},"_links":{"self":[{"href":"https:\/\/www.paul-guenther-schule.de\/index.php\/wp-json\/wp\/v2\/pages\/311","targetHints":{"allow":["GET"]}}],"collection":[{"href":"https:\/\/www.paul-guenther-schule.de\/index.php\/wp-json\/wp\/v2\/pages"}],"about":[{"href":"https:\/\/www.paul-guenther-schule.de\/index.php\/wp-json\/wp\/v2\/types\/page"}],"author":[{"embeddable":true,"href":"https:\/\/www.paul-guenther-schule.de\/index.php\/wp-json\/wp\/v2\/users\/1"}],"replies":[{"embeddable":true,"href":"https:\/\/www.paul-guenther-schule.de\/index.php\/wp-json\/wp\/v2\/comments?post=311"}],"version-history":[{"count":12,"href":"https:\/\/www.paul-guenther-schule.de\/index.php\/wp-json\/wp\/v2\/pages\/311\/revisions"}],"predecessor-version":[{"id":1207,"href":"https:\/\/www.paul-guenther-schule.de\/index.php\/wp-json\/wp\/v2\/pages\/311\/revisions\/1207"}],"up":[{"embeddable":true,"href":"https:\/\/www.paul-guenther-schule.de\/index.php\/wp-json\/wp\/v2\/pages\/11"}],"wp:attachment":[{"href":"https:\/\/www.paul-guenther-schule.de\/index.php\/wp-json\/wp\/v2\/media?parent=311"}],"curies":[{"name":"wp","href":"https:\/\/api.w.org\/{rel}","templated":true}]}}