{"id":966,"date":"2024-02-13T16:50:47","date_gmt":"2024-02-13T15:50:47","guid":{"rendered":"https:\/\/www.paul-guenther-schule.de\/?page_id=966"},"modified":"2026-01-21T12:24:49","modified_gmt":"2026-01-21T11:24:49","slug":"aktivitaeten","status":"publish","type":"page","link":"https:\/\/www.paul-guenther-schule.de\/index.php\/aktivitaeten\/","title":{"rendered":"Aktivit\u00e4ten"},"content":{"rendered":"<section id=\"builder-section-text_53\" class=\"builder-section-first builder-section builder-section-text builder-section-next-text builder-text-columns-1\" style=\"background-size: cover; background-repeat: no-repeat;background-position: center center;\">\n<div class=\"builder-section-content\">\n<div class=\"builder-text-row\">\n<div class=\"builder-text-column builder-text-column-1\" id=\"builder-section-text_53-column-1\">\n<div class=\"builder-text-content\">\n<h1 class=\"builder-text-section-title\">Aktivit\u00e4ten unserer Sch\u00fclerinnen und Sch\u00fcler<\/h1>\n<\/p><\/div>\n<\/p><\/div>\n<\/p><\/div>\n<div class=\"builder-text-row\">\n<div class=\"builder-text-column builder-text-column-2\" id=\"builder-section-text_53-column-1\">\n<div class=\"builder-text-content\">\n\t\t\t\t\t\t\t\t\t\t\t<\/div>\n<\/p><\/div>\n<\/p><\/div>\n<div class=\"builder-text-row\">\n<div class=\"builder-text-column builder-text-column-3\" id=\"builder-section-text_53-column-1\">\n<div class=\"builder-text-content\">\n\t\t\t\t\t\t\t\t\t\t\t<\/div>\n<\/p><\/div>\n<\/p><\/div>\n<div class=\"builder-text-row\">\n<div class=\"builder-text-column builder-text-column-4\" id=\"builder-section-text_53-column-1\">\n<div class=\"builder-text-content\">\n\t\t\t\t\t\t\t\t\t\t\t<\/div>\n<\/p><\/div>\n<\/p><\/div>\n<div class=\"builder-text-row\">\n<div class=\"builder-text-column builder-text-column-5\" id=\"builder-section-text_53-column-1\">\n<div class=\"builder-text-content\">\n\t\t\t\t\t\t\t\t\t\t\t<\/div>\n<\/p><\/div>\n<\/p><\/div>\n<div class=\"builder-text-row\">\n<div class=\"builder-text-column builder-text-column-6\" id=\"builder-section-text_53-column-1\">\n<div class=\"builder-text-content\">\n\t\t\t\t\t\t\t\t\t\t\t<\/div>\n<\/p><\/div>\n<\/p><\/div>\n<\/p><\/div>\n<\/section>\n<section id=\"builder-section-text_771\" class=\"builder-section-prev-text builder-section builder-section-text builder-section-next-text builder-text-columns-1\" style=\"background-size: cover; background-repeat: no-repeat;background-position: center center;\">\n<h3 class=\"builder-text-section-title\">\n        MDR -Studiotour \u2013 im Rahmen der Berufsorientierung    <\/h3>\n<div class=\"builder-section-content\">\n<div class=\"builder-text-row\">\n<div class=\"builder-text-column builder-text-column-1\" id=\"builder-section-text_771-column-1\">\n<div class=\"builder-text-content\">\n<p>Am Mittwoch, 17.12.2025 fuhren wir, die Klasse 8b der Paul-Guenther-Oberschule, im Rahmen der Berufsorientierung zum MDR nach Leipzig. Die Welt der Medien hautnah erleben, Studios, Requisiten und Kost\u00fcme bestaunen oder selbst vor der Kamera stehen, dies alles und noch viel mehr erwartete uns bei einer spannenden Entdeckungsreise. In einem Nachrichtenstudio durfte Lennox Nachrichten f\u00fcr unsere Gruppe sprechen. Im Fotostudio haben wir uns f\u00fcr Aufnahmen verkleidet. Diese Aufnahmen wurden z. B. auf einem Bild mit dem Weihnachtsmarkt angepasst.<br \/>In unmittelbarer Nachbarschaft, in der media city, wird die beliebte Arztserie \u201eIn aller Freundschaft\u201c produziert. Da haben wir einen Blick in die Sachsenklinik werfen d\u00fcrfen. Die Hauptstudios \u201eRiverboat\u201c, \u201eMDR um Vier\u201c und \u201eMDR aktuell\u201c wurden uns gezeigt. So viel Technik und alles muss am Laufen gehalten werden. Dazu ben\u00f6tigt man viel Personal. Der MDR bietet vier verschiedene Berufsausbildungen.<br \/>Es war ein spannender, sch\u00f6ner und erlebnisreicher Tag.\u00a0\u00a0\u00a0\u00a0\u00a0\u00a0\u00a0\u00a0\u00a0\u00a0\u00a0\u00a0\u00a0\u00a0\u00a0\u00a0\u00a0\u00a0\u00a0\u00a0\u00a0\u00a0\u00a0\u00a0\u00a0\u00a0\u00a0\u00a0\u00a0\u00a0\u00a0\u00a0\u00a0\u00a0\u00a0\u00a0\u00a0\u00a0\u00a0\u00a0\u00a0<\/p>\n<p>Ashley Kissner<\/p>\n<p><a href=\"https:\/\/www.paul-guenther-schule.de\/wp-content\/uploads\/2026\/01\/PGS_MDR_2.jpg\"><img loading=\"lazy\" decoding=\"async\" class=\"alignnone wp-image-1730 size-medium\" src=\"https:\/\/www.paul-guenther-schule.de\/wp-content\/uploads\/2026\/01\/PGS_MDR_2-300x225.jpg\" alt=\"\" width=\"300\" height=\"225\" srcset=\"https:\/\/www.paul-guenther-schule.de\/wp-content\/uploads\/2026\/01\/PGS_MDR_2-300x225.jpg 300w, https:\/\/www.paul-guenther-schule.de\/wp-content\/uploads\/2026\/01\/PGS_MDR_2-1024x768.jpg 1024w, https:\/\/www.paul-guenther-schule.de\/wp-content\/uploads\/2026\/01\/PGS_MDR_2-768x576.jpg 768w, https:\/\/www.paul-guenther-schule.de\/wp-content\/uploads\/2026\/01\/PGS_MDR_2-1536x1152.jpg 1536w, https:\/\/www.paul-guenther-schule.de\/wp-content\/uploads\/2026\/01\/PGS_MDR_2.jpg 2048w\" sizes=\"auto, (max-width: 300px) 100vw, 300px\" \/><\/a>\u00a0 \u00a0 \u00a0<a href=\"https:\/\/www.paul-guenther-schule.de\/wp-content\/uploads\/2026\/01\/PGS_MDR_3.jpg\"><img loading=\"lazy\" decoding=\"async\" class=\"alignnone wp-image-1731 size-medium\" src=\"https:\/\/www.paul-guenther-schule.de\/wp-content\/uploads\/2026\/01\/PGS_MDR_3-300x225.jpg\" alt=\"\" width=\"300\" height=\"225\" srcset=\"https:\/\/www.paul-guenther-schule.de\/wp-content\/uploads\/2026\/01\/PGS_MDR_3-300x225.jpg 300w, https:\/\/www.paul-guenther-schule.de\/wp-content\/uploads\/2026\/01\/PGS_MDR_3-1024x768.jpg 1024w, https:\/\/www.paul-guenther-schule.de\/wp-content\/uploads\/2026\/01\/PGS_MDR_3-768x576.jpg 768w, https:\/\/www.paul-guenther-schule.de\/wp-content\/uploads\/2026\/01\/PGS_MDR_3-1536x1152.jpg 1536w, https:\/\/www.paul-guenther-schule.de\/wp-content\/uploads\/2026\/01\/PGS_MDR_3.jpg 2048w\" sizes=\"auto, (max-width: 300px) 100vw, 300px\" \/><\/a><\/p>\n<\/p><\/div>\n<\/p><\/div>\n<\/p><\/div>\n<\/p><\/div>\n<\/section>\n<section id=\"builder-section-text_172\" class=\"builder-section-prev-text builder-section builder-section-text builder-section-next-text builder-text-columns-1\" style=\"background-size: cover; background-repeat: no-repeat;background-position: center center;\">\n<h3 class=\"builder-text-section-title\">\n        Berufsorientierung in der Riesaer Nudelfabrik    <\/h3>\n<div class=\"builder-section-content\">\n<div class=\"builder-text-row\">\n<div class=\"builder-text-column builder-text-column-1\" id=\"builder-section-text_172-column-1\">\n<div class=\"builder-text-content\">\n<p>Am 01. Dezember 2025 fuhr die Klasse 7b um 09:15 Uhr vom Bahnhof Geithain aus zur Nudelfabrik nach Riesa. Nach der Ankunft sah die Klasse zun\u00e4chst einen kurzen Film \u00fcber die Geschichte und Produktion der Riesaer Teigwaren. Bevor die F\u00fchrung begann, erhielten die Gruppen (Jungs und M\u00e4dchen getrennt) eine Hygieneeinweisung und alle mussten Hygienekittel \u00fcberziehen, Haarnetze aufsetzen sowie desinfizierte H\u00e4nde vorweisen. Danach wurden die Bereiche Verpackung, Herstellung und Trocknung besichtigt. In einigen R\u00e4umen herrschten Temperaturen von bis zu 35 Grad Celsius und die Maschinen erzeugten deutlichen L\u00e4rm. Nach der F\u00fchrung bekam jeder aus der Klasse 7b eine Nudelpackung geschenkt und wir a\u00dfen gemeinsam Mittag \u2013 leckere Nudeln mit Tomatenso\u00dfe. Zum Abschluss ging es in den Werksladen, wo sich fast jeder etwas kaufte. Anschlie\u00dfend fuhr die Klasse 7b mit dem Bus wieder zur\u00fcck nach Geithain.<\/p>\n<p>\u00a0<\/p>\n<p>Text: Cassidy Laurich<\/p>\n<p><a href=\"https:\/\/www.paul-guenther-schule.de\/wp-content\/uploads\/2026\/01\/PGS_Riesa_2.jpg\"><img loading=\"lazy\" decoding=\"async\" class=\"alignnone wp-image-1732 size-medium\" src=\"https:\/\/www.paul-guenther-schule.de\/wp-content\/uploads\/2026\/01\/PGS_Riesa_2-300x225.jpg\" alt=\"\" width=\"300\" height=\"225\" srcset=\"https:\/\/www.paul-guenther-schule.de\/wp-content\/uploads\/2026\/01\/PGS_Riesa_2-300x225.jpg 300w, https:\/\/www.paul-guenther-schule.de\/wp-content\/uploads\/2026\/01\/PGS_Riesa_2-1024x768.jpg 1024w, https:\/\/www.paul-guenther-schule.de\/wp-content\/uploads\/2026\/01\/PGS_Riesa_2-768x576.jpg 768w, https:\/\/www.paul-guenther-schule.de\/wp-content\/uploads\/2026\/01\/PGS_Riesa_2-1536x1152.jpg 1536w, https:\/\/www.paul-guenther-schule.de\/wp-content\/uploads\/2026\/01\/PGS_Riesa_2.jpg 2048w\" sizes=\"auto, (max-width: 300px) 100vw, 300px\" \/><\/a><\/p>\n<\/p><\/div>\n<\/p><\/div>\n<\/p><\/div>\n<\/p><\/div>\n<\/section>\n<section id=\"builder-section-text_116\" class=\"builder-section-prev-text builder-section builder-section-text builder-section-next-text builder-text-columns-1\" style=\"background-size: cover; background-repeat: no-repeat;background-position: center center;\">\n<h3 class=\"builder-text-section-title\">\n        Wandertag zum Lasertag nach Leipzig    <\/h3>\n<div class=\"builder-section-content\">\n<div class=\"builder-text-row\">\n<div class=\"builder-text-column builder-text-column-1\" id=\"builder-section-text_116-column-1\">\n<div class=\"builder-text-content\">\n<p>Am 01.10.2025 machte unsere Klasse 7b der Pauli einen spannenden Wandertag nach Leipzig.<\/p>\n<p>Wir trafen uns fr\u00fch am Bahnhof in Geithain und fuhren mit dem Zug bis zum Messegel\u00e4nde Leipzig. Nach einem kurzen Fu\u00dfweg erreichten wir die Lasertag-Halle im Sachsenpark. Dort wurden wir in drei Teams eingeteilt: Blau, Rot und Gr\u00fcn. Nach einer kurzen Einweisung in die Spielregeln und die Ausr\u00fcstung ging es auch schon los. Die Halle war richtig cool gestaltet \u2013 \u00fcberall waren bunte W\u00e4nde, die mit tollen Mustern bemalt waren. Alle hatten riesigen Spa\u00df und waren mit voller Energie dabei. Nach dem letzten Spiel konnten wir uns noch kurz ausruhen, bevor wir den R\u00fcckweg antraten. Mit dem Zug fuhren wir wieder zur\u00fcck nach Geithain, wo unser Wandertag am sp\u00e4ten Nachmittag endete.<\/p>\n<p>C. Laurich<\/p>\n<p><a href=\"https:\/\/www.paul-guenther-schule.de\/wp-content\/uploads\/2025\/12\/PGS_Lasertag_2-scaled.jpg\"><img loading=\"lazy\" decoding=\"async\" class=\"alignnone wp-image-1706 size-medium\" src=\"https:\/\/www.paul-guenther-schule.de\/wp-content\/uploads\/2025\/12\/PGS_Lasertag_2-300x139.jpg\" alt=\"\" width=\"300\" height=\"139\" srcset=\"https:\/\/www.paul-guenther-schule.de\/wp-content\/uploads\/2025\/12\/PGS_Lasertag_2-300x139.jpg 300w, https:\/\/www.paul-guenther-schule.de\/wp-content\/uploads\/2025\/12\/PGS_Lasertag_2-1024x473.jpg 1024w, https:\/\/www.paul-guenther-schule.de\/wp-content\/uploads\/2025\/12\/PGS_Lasertag_2-768x355.jpg 768w, https:\/\/www.paul-guenther-schule.de\/wp-content\/uploads\/2025\/12\/PGS_Lasertag_2-1536x709.jpg 1536w, https:\/\/www.paul-guenther-schule.de\/wp-content\/uploads\/2025\/12\/PGS_Lasertag_2-2048x946.jpg 2048w\" sizes=\"auto, (max-width: 300px) 100vw, 300px\" \/><\/a><\/p>\n<\/p><\/div>\n<\/p><\/div>\n<\/p><\/div>\n<\/p><\/div>\n<\/section>\n<section id=\"builder-section-text_130\" class=\"builder-section-prev-text builder-section builder-section-text builder-section-next-text builder-text-columns-1\" style=\"background-size: cover; background-repeat: no-repeat;background-position: center center;\">\n<h3 class=\"builder-text-section-title\">\n        6. und 9. Platz beim MITGAS Sch\u00fcler-Rafting    <\/h3>\n<div class=\"builder-section-content\">\n<div class=\"builder-text-row\">\n<div class=\"builder-text-column builder-text-column-1\" id=\"builder-section-text_130-column-1\">\n<div class=\"builder-text-content\">\n<p>Im Wettbewerb der Schulen im Landkreis Leipzig und Altenburger Land hat die Paul-Guenther-Schule im Zeitlauf den 9. Platz von 12 Mannschaften belegt. Im Head-to-Head Modus sprang sogar der 6. Platz heraus. Startberechtigt waren die 9. und 10. Klassen, in denen jeweils 3 Jungen und 3 M\u00e4dchen auserkoren waren, die Schule zu vertreten. Neben tollen Wettbewerben gegen die anderen Schulen war im Markkleeberger Kanupark auch jede Menge Spa\u00df und Action geboten, sodass alle auf ihre Kosten kamen.<\/p>\n<p>J. Walther<\/p>\n<p><a href=\"https:\/\/www.paul-guenther-schule.de\/wp-content\/uploads\/2025\/12\/PGS_Rafting_4-rotated.jpg\"><img loading=\"lazy\" decoding=\"async\" class=\"alignnone wp-image-1709 size-medium\" src=\"https:\/\/www.paul-guenther-schule.de\/wp-content\/uploads\/2025\/12\/PGS_Rafting_4-225x300.jpg\" alt=\"\" width=\"225\" height=\"300\" srcset=\"https:\/\/www.paul-guenther-schule.de\/wp-content\/uploads\/2025\/12\/PGS_Rafting_4-225x300.jpg 225w, https:\/\/www.paul-guenther-schule.de\/wp-content\/uploads\/2025\/12\/PGS_Rafting_4-rotated.jpg 657w\" sizes=\"auto, (max-width: 225px) 100vw, 225px\" \/><\/a>\u00a0 \u00a0 <a href=\"https:\/\/www.paul-guenther-schule.de\/wp-content\/uploads\/2025\/12\/PGS_Rafting_2.jpg\"><img loading=\"lazy\" decoding=\"async\" class=\"alignnone wp-image-1707 size-medium\" src=\"https:\/\/www.paul-guenther-schule.de\/wp-content\/uploads\/2025\/12\/PGS_Rafting_2-300x169.jpg\" alt=\"\" width=\"300\" height=\"169\" srcset=\"https:\/\/www.paul-guenther-schule.de\/wp-content\/uploads\/2025\/12\/PGS_Rafting_2-300x169.jpg 300w, https:\/\/www.paul-guenther-schule.de\/wp-content\/uploads\/2025\/12\/PGS_Rafting_2-1024x576.jpg 1024w, https:\/\/www.paul-guenther-schule.de\/wp-content\/uploads\/2025\/12\/PGS_Rafting_2-768x432.jpg 768w, https:\/\/www.paul-guenther-schule.de\/wp-content\/uploads\/2025\/12\/PGS_Rafting_2.jpg 1385w\" sizes=\"auto, (max-width: 300px) 100vw, 300px\" \/><\/a>\u00a0 \u00a0 <a href=\"https:\/\/www.paul-guenther-schule.de\/wp-content\/uploads\/2025\/12\/PGS_Rafting_3.jpg\"><img loading=\"lazy\" decoding=\"async\" class=\"alignnone wp-image-1708 size-medium\" src=\"https:\/\/www.paul-guenther-schule.de\/wp-content\/uploads\/2025\/12\/PGS_Rafting_3-300x225.jpg\" alt=\"\" width=\"300\" height=\"225\" srcset=\"https:\/\/www.paul-guenther-schule.de\/wp-content\/uploads\/2025\/12\/PGS_Rafting_3-300x225.jpg 300w, https:\/\/www.paul-guenther-schule.de\/wp-content\/uploads\/2025\/12\/PGS_Rafting_3-1024x769.jpg 1024w, https:\/\/www.paul-guenther-schule.de\/wp-content\/uploads\/2025\/12\/PGS_Rafting_3-768x577.jpg 768w, https:\/\/www.paul-guenther-schule.de\/wp-content\/uploads\/2025\/12\/PGS_Rafting_3.jpg 1043w\" sizes=\"auto, (max-width: 300px) 100vw, 300px\" \/><\/a> \u00a0 \u00a0 \u00a0<\/p>\n<\/p><\/div>\n<\/p><\/div>\n<\/p><\/div>\n<\/p><\/div>\n<\/section>\n<section id=\"builder-section-text_144\" class=\"builder-section-prev-text builder-section builder-section-text builder-section-next-text builder-text-columns-1\" style=\"background-size: cover; background-repeat: no-repeat;background-position: center center;\">\n<h3 class=\"builder-text-section-title\">\n        Geographie-Olympiade an der Pauli    <\/h3>\n<div class=\"builder-section-content\">\n<div class=\"builder-text-row\">\n<div class=\"builder-text-column builder-text-column-1\" id=\"builder-section-text_144-column-1\">\n<div class=\"builder-text-content\">\n<p>Nachdem alle Sch\u00fcler der Klassenstufen 6,7 und 10 die Aufgaben der 20. S\u00e4chsischen Olympiade gel\u00f6st haben, stehen die Schulsieger fest.<\/p>\n<p>Elaine Klenzmann (Kl.6b), Cassidy Laurich (Kl.7b) und Felix Kirschner (Kl.10b) gl\u00e4nzten mit Allgemeinwissen und topografischen Kenntnissen.<\/p>\n<p>Wir w\u00fcnschen unseren drei Topgeographen viel Erfolg f\u00fcr die n\u00e4chste H\u00fcrde in Leipzig.<\/p>\n<p>FS Geographie<\/p>\n<p><a href=\"https:\/\/www.paul-guenther-schule.de\/wp-content\/uploads\/2025\/12\/PGS_Geo_1.jpg\"><img loading=\"lazy\" decoding=\"async\" class=\"alignnone wp-image-1714 size-medium\" src=\"https:\/\/www.paul-guenther-schule.de\/wp-content\/uploads\/2025\/12\/PGS_Geo_1-300x300.jpg\" alt=\"\" width=\"300\" height=\"300\" srcset=\"https:\/\/www.paul-guenther-schule.de\/wp-content\/uploads\/2025\/12\/PGS_Geo_1-300x300.jpg 300w, https:\/\/www.paul-guenther-schule.de\/wp-content\/uploads\/2025\/12\/PGS_Geo_1-1024x1024.jpg 1024w, https:\/\/www.paul-guenther-schule.de\/wp-content\/uploads\/2025\/12\/PGS_Geo_1-150x150.jpg 150w, https:\/\/www.paul-guenther-schule.de\/wp-content\/uploads\/2025\/12\/PGS_Geo_1-768x768.jpg 768w, https:\/\/www.paul-guenther-schule.de\/wp-content\/uploads\/2025\/12\/PGS_Geo_1-1536x1536.jpg 1536w, https:\/\/www.paul-guenther-schule.de\/wp-content\/uploads\/2025\/12\/PGS_Geo_1.jpg 2048w\" sizes=\"auto, (max-width: 300px) 100vw, 300px\" \/><\/a><\/p>\n<\/p><\/div>\n<\/p><\/div>\n<\/p><\/div>\n<\/p><\/div>\n<\/section>\n<section id=\"builder-section-text_158\" class=\"builder-section-prev-text builder-section builder-section-text builder-section-next-text builder-text-columns-1\" style=\"background-size: cover; background-repeat: no-repeat;background-position: center center;\">\n<h3 class=\"builder-text-section-title\">\n        pauli@work &#8211; Von Sch\u00fclern f\u00fcr Sch\u00fcler    <\/h3>\n<div class=\"builder-section-content\">\n<div class=\"builder-text-row\">\n<div class=\"builder-text-column builder-text-column-1\" id=\"builder-section-text_158-column-1\">\n<div class=\"builder-text-content\">\n<p>Mit viel Engagement und Teamgeist versorgt unsere Sch\u00fclerfirma &#8222;pauli@work&#8220; die Schulgemeinschaft in der Hofpause mit leckeren Snacks und kleinen Erfrischungen. Damit tragen wir nicht nur zu einem abwechslungsreichen Angebot bei, sondern bereichern auch das Schulleben und machen die Pausenzeit zu etwas Besonderem!<br \/>Doch das ist erst der Anfang: F\u00fcr die Zukunft haben wir spannende Projekte in Planung, die unser Schulleben noch vielf\u00e4ltiger und bunter machen werden.<br \/>Jede Idee, jede helfende Hand und jeder Kauf unterst\u00fctzt uns dabei, gemeinsam etwas Gro\u00dfes aufzubauen.<\/p>\n<p>Much love! <br \/>Euer pauli@work Team<\/p>\n<p><a href=\"https:\/\/www.paul-guenther-schule.de\/wp-content\/uploads\/2025\/12\/PGS_Firma_1-scaled.jpeg\"><img loading=\"lazy\" decoding=\"async\" class=\"alignnone wp-image-1712 size-medium\" src=\"https:\/\/www.paul-guenther-schule.de\/wp-content\/uploads\/2025\/12\/PGS_Firma_1-225x300.jpeg\" alt=\"\" width=\"225\" height=\"300\" srcset=\"https:\/\/www.paul-guenther-schule.de\/wp-content\/uploads\/2025\/12\/PGS_Firma_1-225x300.jpeg 225w, https:\/\/www.paul-guenther-schule.de\/wp-content\/uploads\/2025\/12\/PGS_Firma_1-768x1024.jpeg 768w, https:\/\/www.paul-guenther-schule.de\/wp-content\/uploads\/2025\/12\/PGS_Firma_1-1152x1536.jpeg 1152w, https:\/\/www.paul-guenther-schule.de\/wp-content\/uploads\/2025\/12\/PGS_Firma_1-1536x2048.jpeg 1536w, https:\/\/www.paul-guenther-schule.de\/wp-content\/uploads\/2025\/12\/PGS_Firma_1-scaled.jpeg 1920w\" sizes=\"auto, (max-width: 225px) 100vw, 225px\" \/><\/a><\/p>\n<\/p><\/div>\n<\/p><\/div>\n<\/p><\/div>\n<\/p><\/div>\n<\/section>\n<section id=\"builder-section-text_102\" class=\"builder-section-prev-text builder-section builder-section-text builder-section-next-text builder-text-columns-1\" style=\"background-size: cover; background-repeat: no-repeat;background-position: center center;\">\n<h3 class=\"builder-text-section-title\">\n        Tolle Leistungen beim Sportfest    <\/h3>\n<div class=\"builder-section-content\">\n<div class=\"builder-text-row\">\n<div class=\"builder-text-column builder-text-column-1\" id=\"builder-section-text_102-column-1\">\n<div class=\"builder-text-content\">\n<p><a href=\"https:\/\/www.paul-guenther-schule.de\/wp-content\/uploads\/2025\/12\/PGS_Sport_1.jpg\"><img loading=\"lazy\" decoding=\"async\" class=\"alignnone wp-image-1698 size-medium\" src=\"https:\/\/www.paul-guenther-schule.de\/wp-content\/uploads\/2025\/12\/PGS_Sport_1-300x225.jpg\" alt=\"\" width=\"300\" height=\"225\" srcset=\"https:\/\/www.paul-guenther-schule.de\/wp-content\/uploads\/2025\/12\/PGS_Sport_1-300x225.jpg 300w, https:\/\/www.paul-guenther-schule.de\/wp-content\/uploads\/2025\/12\/PGS_Sport_1-1024x768.jpg 1024w, https:\/\/www.paul-guenther-schule.de\/wp-content\/uploads\/2025\/12\/PGS_Sport_1-768x576.jpg 768w, https:\/\/www.paul-guenther-schule.de\/wp-content\/uploads\/2025\/12\/PGS_Sport_1-1536x1152.jpg 1536w, https:\/\/www.paul-guenther-schule.de\/wp-content\/uploads\/2025\/12\/PGS_Sport_1.jpg 2000w\" sizes=\"auto, (max-width: 300px) 100vw, 300px\" \/><\/a><\/p>\n<p>In diesem Schuljahr hat es geklappt \u2013 unser Sportfest fand bei herrlichem Wetter statt. Am Morgen trafen sich die 5. bis 7. Klassen im Stadion. Um 10 Uhr begann der Wettkampf f\u00fcr die 8. bis 10. Klassen. Alle Sch\u00fclerinnen und Sch\u00fcler k\u00e4mpften um gute Leistungen. Es wurde gegenseitig angefeuert und unterst\u00fctzt. Es gab auch Spitzenleistungen. Vielleicht wurde ja sogar ein Schulrekord neu aufgestellt.<\/p>\n<p><a href=\"https:\/\/www.paul-guenther-schule.de\/wp-content\/uploads\/2025\/12\/PGS_Sportfest_2.jpg\">\u00a0 \u00a0 \u00a0<\/a><a href=\"https:\/\/www.paul-guenther-schule.de\/wp-content\/uploads\/2025\/12\/PGS_Sportfest_2.jpg\"><img loading=\"lazy\" decoding=\"async\" class=\"alignnone wp-image-1700 size-medium\" src=\"https:\/\/www.paul-guenther-schule.de\/wp-content\/uploads\/2025\/12\/PGS_Sportfest_2-300x300.jpg\" alt=\"\" width=\"300\" height=\"300\" srcset=\"https:\/\/www.paul-guenther-schule.de\/wp-content\/uploads\/2025\/12\/PGS_Sportfest_2-300x300.jpg 300w, https:\/\/www.paul-guenther-schule.de\/wp-content\/uploads\/2025\/12\/PGS_Sportfest_2-1024x1024.jpg 1024w, https:\/\/www.paul-guenther-schule.de\/wp-content\/uploads\/2025\/12\/PGS_Sportfest_2-150x150.jpg 150w, https:\/\/www.paul-guenther-schule.de\/wp-content\/uploads\/2025\/12\/PGS_Sportfest_2-768x768.jpg 768w, https:\/\/www.paul-guenther-schule.de\/wp-content\/uploads\/2025\/12\/PGS_Sportfest_2-1536x1536.jpg 1536w, https:\/\/www.paul-guenther-schule.de\/wp-content\/uploads\/2025\/12\/PGS_Sportfest_2.jpg 1570w\" sizes=\"auto, (max-width: 300px) 100vw, 300px\" \/><\/a><a href=\"https:\/\/www.paul-guenther-schule.de\/wp-content\/uploads\/2025\/12\/PGS_Sportfest_1.jpg\"><img loading=\"lazy\" decoding=\"async\" class=\"alignnone wp-image-1699 size-medium\" src=\"https:\/\/www.paul-guenther-schule.de\/wp-content\/uploads\/2025\/12\/PGS_Sportfest_1-300x300.jpg\" alt=\"\" width=\"300\" height=\"300\" srcset=\"https:\/\/www.paul-guenther-schule.de\/wp-content\/uploads\/2025\/12\/PGS_Sportfest_1-300x300.jpg 300w, https:\/\/www.paul-guenther-schule.de\/wp-content\/uploads\/2025\/12\/PGS_Sportfest_1-1024x1024.jpg 1024w, https:\/\/www.paul-guenther-schule.de\/wp-content\/uploads\/2025\/12\/PGS_Sportfest_1-150x150.jpg 150w, https:\/\/www.paul-guenther-schule.de\/wp-content\/uploads\/2025\/12\/PGS_Sportfest_1-768x768.jpg 768w, https:\/\/www.paul-guenther-schule.de\/wp-content\/uploads\/2025\/12\/PGS_Sportfest_1-1536x1536.jpg 1536w, https:\/\/www.paul-guenther-schule.de\/wp-content\/uploads\/2025\/12\/PGS_Sportfest_1.jpg 1661w\" sizes=\"auto, (max-width: 300px) 100vw, 300px\" \/><\/a><\/p>\n<\/p><\/div>\n<\/p><\/div>\n<\/p><\/div>\n<\/p><\/div>\n<\/section>\n<section id=\"builder-section-text_88\" class=\"builder-section-prev-text builder-section builder-section-text builder-section-next-text builder-text-columns-1\" style=\"background-size: cover; background-repeat: no-repeat;background-position: center center;\">\n<h3 class=\"builder-text-section-title\">\n        Augen auf im Stra\u00dfenverkehr \u2013 ADAC Projekt Klasse 5    <\/h3>\n<div class=\"builder-section-content\">\n<div class=\"builder-text-row\">\n<div class=\"builder-text-column builder-text-column-1\" id=\"builder-section-text_88-column-1\">\n<div class=\"builder-text-content\">\n<p>Am 2.September hie\u00df es f\u00fcr unsere 5. Klassen Unterricht im \u201eVerkehrsgarten\u201c am Stadion. Ziel dieser ADAC-Aktion war es, den Sch\u00fclern zu zeigen, dass ein Auto beim Bremsvorgang nicht sofort zum Stillstand kommt.<\/p>\n<p>Das Regenwetter konnte uns nichts anhaben, denn wir konnten als Zuschauer und live die \u201eBremsprobe\u201c miterleben. Danach absolvierten die F\u00fcnftkl\u00e4ssler erfolgreich den Fahrrad-Parcour.<\/p>\n<p>D. Schmidt<\/p>\n<p><a href=\"https:\/\/www.paul-guenther-schule.de\/wp-content\/uploads\/2025\/12\/PGS_ADAC_1.jpg\"><img loading=\"lazy\" decoding=\"async\" class=\"alignnone wp-image-1696 size-medium\" src=\"https:\/\/www.paul-guenther-schule.de\/wp-content\/uploads\/2025\/12\/PGS_ADAC_1-300x300.jpg\" alt=\"\" width=\"300\" height=\"300\" srcset=\"https:\/\/www.paul-guenther-schule.de\/wp-content\/uploads\/2025\/12\/PGS_ADAC_1-300x300.jpg 300w, https:\/\/www.paul-guenther-schule.de\/wp-content\/uploads\/2025\/12\/PGS_ADAC_1-1024x1024.jpg 1024w, https:\/\/www.paul-guenther-schule.de\/wp-content\/uploads\/2025\/12\/PGS_ADAC_1-150x150.jpg 150w, https:\/\/www.paul-guenther-schule.de\/wp-content\/uploads\/2025\/12\/PGS_ADAC_1-768x768.jpg 768w, https:\/\/www.paul-guenther-schule.de\/wp-content\/uploads\/2025\/12\/PGS_ADAC_1-1536x1536.jpg 1536w, https:\/\/www.paul-guenther-schule.de\/wp-content\/uploads\/2025\/12\/PGS_ADAC_1.jpg 2048w\" sizes=\"auto, (max-width: 300px) 100vw, 300px\" \/><\/a>\u00a0 \u00a0 <a href=\"https:\/\/www.paul-guenther-schule.de\/wp-content\/uploads\/2025\/12\/PGS_ADAC_2.jpg\"><img loading=\"lazy\" decoding=\"async\" class=\"alignnone wp-image-1697 size-medium\" src=\"https:\/\/www.paul-guenther-schule.de\/wp-content\/uploads\/2025\/12\/PGS_ADAC_2-300x300.jpg\" alt=\"\" width=\"300\" height=\"300\" srcset=\"https:\/\/www.paul-guenther-schule.de\/wp-content\/uploads\/2025\/12\/PGS_ADAC_2-300x300.jpg 300w, https:\/\/www.paul-guenther-schule.de\/wp-content\/uploads\/2025\/12\/PGS_ADAC_2-1024x1024.jpg 1024w, https:\/\/www.paul-guenther-schule.de\/wp-content\/uploads\/2025\/12\/PGS_ADAC_2-150x150.jpg 150w, https:\/\/www.paul-guenther-schule.de\/wp-content\/uploads\/2025\/12\/PGS_ADAC_2-768x768.jpg 768w, https:\/\/www.paul-guenther-schule.de\/wp-content\/uploads\/2025\/12\/PGS_ADAC_2-1536x1536.jpg 1536w, https:\/\/www.paul-guenther-schule.de\/wp-content\/uploads\/2025\/12\/PGS_ADAC_2.jpg 2048w\" sizes=\"auto, (max-width: 300px) 100vw, 300px\" \/><\/a><\/p>\n<\/p><\/div>\n<\/p><\/div>\n<\/p><\/div>\n<\/p><\/div>\n<\/section>\n<section id=\"builder-section-text_228\" class=\"builder-section-prev-text builder-section builder-section-text builder-section-last builder-text-columns-1\" style=\"background-size: cover; background-repeat: no-repeat;background-position: center center;\">\n<h3 class=\"builder-text-section-title\">\n        Ferienende und Schulstart an der Pauli    <\/h3>\n<div class=\"builder-section-content\">\n<div class=\"builder-text-row\">\n<div class=\"builder-text-column builder-text-column-1\" id=\"builder-section-text_228-column-1\">\n<div class=\"builder-text-content\">\n<p>So schnell waren sie vorbei \u2013 die sechs Wochen Ferien. Die Sch\u00fclerinnen und Sch\u00fcler von zwei neuen f\u00fcnften Klassen freuten sich aber trotzdem auf ihren ersten Schultag. Viel Neues gab es zu h\u00f6ren und zu sehen. Mit einem besonderen Programm z. B. mit dem Bemalen ihrer Steine, Sport und sozialem Lernen lernten sie sich und ihre Klassenleiter in der ersten Woche kennen.<\/p>\n<p><a href=\"https:\/\/www.paul-guenther-schule.de\/wp-content\/uploads\/2025\/08\/PGS_Schulanfang-5a.jpg\"><img loading=\"lazy\" decoding=\"async\" class=\"alignnone wp-image-1620\" src=\"https:\/\/www.paul-guenther-schule.de\/wp-content\/uploads\/2025\/08\/PGS_Schulanfang-5a-300x225.jpg\" alt=\"\" width=\"399\" height=\"299\" srcset=\"https:\/\/www.paul-guenther-schule.de\/wp-content\/uploads\/2025\/08\/PGS_Schulanfang-5a-300x225.jpg 300w, https:\/\/www.paul-guenther-schule.de\/wp-content\/uploads\/2025\/08\/PGS_Schulanfang-5a-768x576.jpg 768w, https:\/\/www.paul-guenther-schule.de\/wp-content\/uploads\/2025\/08\/PGS_Schulanfang-5a.jpg 1008w\" sizes=\"auto, (max-width: 399px) 100vw, 399px\" \/><\/a>\u00a0 \u00a0 \u00a0<a href=\"https:\/\/www.paul-guenther-schule.de\/wp-content\/uploads\/2025\/08\/PGS_Schulanfang-5b.jpg\"><img loading=\"lazy\" decoding=\"async\" class=\"alignnone wp-image-1621 size-medium\" src=\"https:\/\/www.paul-guenther-schule.de\/wp-content\/uploads\/2025\/08\/PGS_Schulanfang-5b-300x300.jpg\" alt=\"\" width=\"300\" height=\"300\" srcset=\"https:\/\/www.paul-guenther-schule.de\/wp-content\/uploads\/2025\/08\/PGS_Schulanfang-5b-300x300.jpg 300w, https:\/\/www.paul-guenther-schule.de\/wp-content\/uploads\/2025\/08\/PGS_Schulanfang-5b-1024x1024.jpg 1024w, https:\/\/www.paul-guenther-schule.de\/wp-content\/uploads\/2025\/08\/PGS_Schulanfang-5b-150x150.jpg 150w, https:\/\/www.paul-guenther-schule.de\/wp-content\/uploads\/2025\/08\/PGS_Schulanfang-5b-768x768.jpg 768w, https:\/\/www.paul-guenther-schule.de\/wp-content\/uploads\/2025\/08\/PGS_Schulanfang-5b.jpg 1496w\" sizes=\"auto, (max-width: 300px) 100vw, 300px\" \/><\/a><\/p>\n<\/p><\/div>\n<\/p><\/div>\n<\/p><\/div>\n<\/p><\/div>\n<\/section>\n","protected":false},"excerpt":{"rendered":"<p>Aktivit\u00e4ten unserer Sch\u00fclerinnen und Sch\u00fcler MDR -Studiotour \u2013 im Rahmen der Berufsorientierung Am Mittwoch, 17.12.2025 fuhren wir, die Klasse 8b der Paul-Guenther-Oberschule, im Rahmen der Berufsorientierung zum MDR nach Leipzig. Die Welt der Medien hautnah erleben, Studios, Requisiten und Kost\u00fcme bestaunen oder selbst vor der Kamera stehen, dies alles und noch viel mehr erwartete uns &hellip;<\/p>\n","protected":false},"author":1,"featured_media":0,"parent":0,"menu_order":0,"comment_status":"closed","ping_status":"closed","template":"template-builder.php","meta":{"footnotes":""},"class_list":["post-966","page","type-page","status-publish","hentry"],"yoast_head":"<!-- This site is optimized with the Yoast SEO plugin v23.7 - https:\/\/yoast.com\/wordpress\/plugins\/seo\/ -->\n<title>Aktivit\u00e4ten - Oberschule &amp; Grundschule Paul-Guenther Geithain<\/title>\n<meta name=\"robots\" content=\"index, follow, max-snippet:-1, max-image-preview:large, max-video-preview:-1\" \/>\n<link rel=\"canonical\" href=\"https:\/\/www.paul-guenther-schule.de\/index.php\/aktivitaeten\/\" \/>\n<meta property=\"og:locale\" content=\"de_DE\" \/>\n<meta property=\"og:type\" content=\"article\" \/>\n<meta property=\"og:title\" content=\"Aktivit\u00e4ten - Oberschule &amp; Grundschule Paul-Guenther Geithain\" \/>\n<meta property=\"og:description\" content=\"Aktivit\u00e4ten unserer Sch\u00fclerinnen und Sch\u00fcler MDR -Studiotour \u2013 im Rahmen der Berufsorientierung Am Mittwoch, 17.12.2025 fuhren wir, die Klasse 8b der Paul-Guenther-Oberschule, im Rahmen der Berufsorientierung zum MDR nach Leipzig. Die Welt der Medien hautnah erleben, Studios, Requisiten und Kost\u00fcme bestaunen oder selbst vor der Kamera stehen, dies alles und noch viel mehr erwartete uns &hellip;\" \/>\n<meta property=\"og:url\" content=\"https:\/\/www.paul-guenther-schule.de\/index.php\/aktivitaeten\/\" \/>\n<meta property=\"og:site_name\" content=\"Oberschule &amp; Grundschule Paul-Guenther Geithain\" \/>\n<meta property=\"article:modified_time\" content=\"2026-01-21T11:24:49+00:00\" \/>\n<meta property=\"og:image\" content=\"https:\/\/www.paul-guenther-schule.de\/wp-content\/uploads\/2026\/01\/PGS_MDR_2.jpg\" \/>\n\t<meta property=\"og:image:width\" content=\"2048\" \/>\n\t<meta property=\"og:image:height\" content=\"1536\" \/>\n\t<meta property=\"og:image:type\" content=\"image\/jpeg\" \/>\n<meta name=\"twitter:card\" content=\"summary_large_image\" \/>\n<meta name=\"twitter:label1\" content=\"Gesch\u00e4tzte Lesezeit\" \/>\n\t<meta name=\"twitter:data1\" content=\"8\u00a0Minuten\" \/>\n<script type=\"application\/ld+json\" class=\"yoast-schema-graph\">{\"@context\":\"https:\/\/schema.org\",\"@graph\":[{\"@type\":\"WebPage\",\"@id\":\"https:\/\/www.paul-guenther-schule.de\/index.php\/aktivitaeten\/\",\"url\":\"https:\/\/www.paul-guenther-schule.de\/index.php\/aktivitaeten\/\",\"name\":\"Aktivit\u00e4ten - Oberschule &amp; Grundschule Paul-Guenther Geithain\",\"isPartOf\":{\"@id\":\"https:\/\/www.paul-guenther-schule.de\/#website\"},\"primaryImageOfPage\":{\"@id\":\"https:\/\/www.paul-guenther-schule.de\/index.php\/aktivitaeten\/#primaryimage\"},\"image\":{\"@id\":\"https:\/\/www.paul-guenther-schule.de\/index.php\/aktivitaeten\/#primaryimage\"},\"thumbnailUrl\":\"https:\/\/www.paul-guenther-schule.de\/wp-content\/uploads\/2026\/01\/PGS_MDR_2-300x225.jpg\",\"datePublished\":\"2024-02-13T15:50:47+00:00\",\"dateModified\":\"2026-01-21T11:24:49+00:00\",\"breadcrumb\":{\"@id\":\"https:\/\/www.paul-guenther-schule.de\/index.php\/aktivitaeten\/#breadcrumb\"},\"inLanguage\":\"de\",\"potentialAction\":[{\"@type\":\"ReadAction\",\"target\":[\"https:\/\/www.paul-guenther-schule.de\/index.php\/aktivitaeten\/\"]}]},{\"@type\":\"ImageObject\",\"inLanguage\":\"de\",\"@id\":\"https:\/\/www.paul-guenther-schule.de\/index.php\/aktivitaeten\/#primaryimage\",\"url\":\"https:\/\/www.paul-guenther-schule.de\/wp-content\/uploads\/2026\/01\/PGS_MDR_2.jpg\",\"contentUrl\":\"https:\/\/www.paul-guenther-schule.de\/wp-content\/uploads\/2026\/01\/PGS_MDR_2.jpg\",\"width\":2048,\"height\":1536},{\"@type\":\"BreadcrumbList\",\"@id\":\"https:\/\/www.paul-guenther-schule.de\/index.php\/aktivitaeten\/#breadcrumb\",\"itemListElement\":[{\"@type\":\"ListItem\",\"position\":1,\"name\":\"Home\",\"item\":\"https:\/\/www.paul-guenther-schule.de\/\"},{\"@type\":\"ListItem\",\"position\":2,\"name\":\"Aktivit\u00e4ten\"}]},{\"@type\":\"WebSite\",\"@id\":\"https:\/\/www.paul-guenther-schule.de\/#website\",\"url\":\"https:\/\/www.paul-guenther-schule.de\/\",\"name\":\"Oberschule &amp; Grundschule Paul-Guenther Geithain\",\"description\":\"\",\"publisher\":{\"@id\":\"https:\/\/www.paul-guenther-schule.de\/#organization\"},\"potentialAction\":[{\"@type\":\"SearchAction\",\"target\":{\"@type\":\"EntryPoint\",\"urlTemplate\":\"https:\/\/www.paul-guenther-schule.de\/?s={search_term_string}\"},\"query-input\":{\"@type\":\"PropertyValueSpecification\",\"valueRequired\":true,\"valueName\":\"search_term_string\"}}],\"inLanguage\":\"de\"},{\"@type\":\"Organization\",\"@id\":\"https:\/\/www.paul-guenther-schule.de\/#organization\",\"name\":\"Oberschule &amp; Grundschule Paul-Guenther Geithain\",\"url\":\"https:\/\/www.paul-guenther-schule.de\/\",\"logo\":{\"@type\":\"ImageObject\",\"inLanguage\":\"de\",\"@id\":\"https:\/\/www.paul-guenther-schule.de\/#\/schema\/logo\/image\/\",\"url\":\"https:\/\/www.paul-guenther-schule.de\/wp-content\/uploads\/2024\/01\/cropped-header-pauli-eule-04.png\",\"contentUrl\":\"https:\/\/www.paul-guenther-schule.de\/wp-content\/uploads\/2024\/01\/cropped-header-pauli-eule-04.png\",\"width\":1040,\"height\":294,\"caption\":\"Oberschule &amp; Grundschule Paul-Guenther Geithain\"},\"image\":{\"@id\":\"https:\/\/www.paul-guenther-schule.de\/#\/schema\/logo\/image\/\"}}]}<\/script>\n<!-- \/ Yoast SEO plugin. -->","yoast_head_json":{"title":"Aktivit\u00e4ten - Oberschule &amp; Grundschule Paul-Guenther Geithain","robots":{"index":"index","follow":"follow","max-snippet":"max-snippet:-1","max-image-preview":"max-image-preview:large","max-video-preview":"max-video-preview:-1"},"canonical":"https:\/\/www.paul-guenther-schule.de\/index.php\/aktivitaeten\/","og_locale":"de_DE","og_type":"article","og_title":"Aktivit\u00e4ten - Oberschule &amp; Grundschule Paul-Guenther Geithain","og_description":"Aktivit\u00e4ten unserer Sch\u00fclerinnen und Sch\u00fcler MDR -Studiotour \u2013 im Rahmen der Berufsorientierung Am Mittwoch, 17.12.2025 fuhren wir, die Klasse 8b der Paul-Guenther-Oberschule, im Rahmen der Berufsorientierung zum MDR nach Leipzig. Die Welt der Medien hautnah erleben, Studios, Requisiten und Kost\u00fcme bestaunen oder selbst vor der Kamera stehen, dies alles und noch viel mehr erwartete uns &hellip;","og_url":"https:\/\/www.paul-guenther-schule.de\/index.php\/aktivitaeten\/","og_site_name":"Oberschule &amp; Grundschule Paul-Guenther Geithain","article_modified_time":"2026-01-21T11:24:49+00:00","og_image":[{"width":2048,"height":1536,"url":"https:\/\/www.paul-guenther-schule.de\/wp-content\/uploads\/2026\/01\/PGS_MDR_2.jpg","type":"image\/jpeg"}],"twitter_card":"summary_large_image","twitter_misc":{"Gesch\u00e4tzte Lesezeit":"8\u00a0Minuten"},"schema":{"@context":"https:\/\/schema.org","@graph":[{"@type":"WebPage","@id":"https:\/\/www.paul-guenther-schule.de\/index.php\/aktivitaeten\/","url":"https:\/\/www.paul-guenther-schule.de\/index.php\/aktivitaeten\/","name":"Aktivit\u00e4ten - Oberschule &amp; Grundschule Paul-Guenther Geithain","isPartOf":{"@id":"https:\/\/www.paul-guenther-schule.de\/#website"},"primaryImageOfPage":{"@id":"https:\/\/www.paul-guenther-schule.de\/index.php\/aktivitaeten\/#primaryimage"},"image":{"@id":"https:\/\/www.paul-guenther-schule.de\/index.php\/aktivitaeten\/#primaryimage"},"thumbnailUrl":"https:\/\/www.paul-guenther-schule.de\/wp-content\/uploads\/2026\/01\/PGS_MDR_2-300x225.jpg","datePublished":"2024-02-13T15:50:47+00:00","dateModified":"2026-01-21T11:24:49+00:00","breadcrumb":{"@id":"https:\/\/www.paul-guenther-schule.de\/index.php\/aktivitaeten\/#breadcrumb"},"inLanguage":"de","potentialAction":[{"@type":"ReadAction","target":["https:\/\/www.paul-guenther-schule.de\/index.php\/aktivitaeten\/"]}]},{"@type":"ImageObject","inLanguage":"de","@id":"https:\/\/www.paul-guenther-schule.de\/index.php\/aktivitaeten\/#primaryimage","url":"https:\/\/www.paul-guenther-schule.de\/wp-content\/uploads\/2026\/01\/PGS_MDR_2.jpg","contentUrl":"https:\/\/www.paul-guenther-schule.de\/wp-content\/uploads\/2026\/01\/PGS_MDR_2.jpg","width":2048,"height":1536},{"@type":"BreadcrumbList","@id":"https:\/\/www.paul-guenther-schule.de\/index.php\/aktivitaeten\/#breadcrumb","itemListElement":[{"@type":"ListItem","position":1,"name":"Home","item":"https:\/\/www.paul-guenther-schule.de\/"},{"@type":"ListItem","position":2,"name":"Aktivit\u00e4ten"}]},{"@type":"WebSite","@id":"https:\/\/www.paul-guenther-schule.de\/#website","url":"https:\/\/www.paul-guenther-schule.de\/","name":"Oberschule &amp; Grundschule Paul-Guenther Geithain","description":"","publisher":{"@id":"https:\/\/www.paul-guenther-schule.de\/#organization"},"potentialAction":[{"@type":"SearchAction","target":{"@type":"EntryPoint","urlTemplate":"https:\/\/www.paul-guenther-schule.de\/?s={search_term_string}"},"query-input":{"@type":"PropertyValueSpecification","valueRequired":true,"valueName":"search_term_string"}}],"inLanguage":"de"},{"@type":"Organization","@id":"https:\/\/www.paul-guenther-schule.de\/#organization","name":"Oberschule &amp; Grundschule Paul-Guenther Geithain","url":"https:\/\/www.paul-guenther-schule.de\/","logo":{"@type":"ImageObject","inLanguage":"de","@id":"https:\/\/www.paul-guenther-schule.de\/#\/schema\/logo\/image\/","url":"https:\/\/www.paul-guenther-schule.de\/wp-content\/uploads\/2024\/01\/cropped-header-pauli-eule-04.png","contentUrl":"https:\/\/www.paul-guenther-schule.de\/wp-content\/uploads\/2024\/01\/cropped-header-pauli-eule-04.png","width":1040,"height":294,"caption":"Oberschule &amp; Grundschule Paul-Guenther Geithain"},"image":{"@id":"https:\/\/www.paul-guenther-schule.de\/#\/schema\/logo\/image\/"}}]}},"publishpress_future_action":{"enabled":false,"date":"2026-05-10 13:40:14","action":"change-status","newStatus":"draft","terms":[],"taxonomy":""},"publishpress_future_workflow_manual_trigger":{"enabledWorkflows":[]},"_links":{"self":[{"href":"https:\/\/www.paul-guenther-schule.de\/index.php\/wp-json\/wp\/v2\/pages\/966","targetHints":{"allow":["GET"]}}],"collection":[{"href":"https:\/\/www.paul-guenther-schule.de\/index.php\/wp-json\/wp\/v2\/pages"}],"about":[{"href":"https:\/\/www.paul-guenther-schule.de\/index.php\/wp-json\/wp\/v2\/types\/page"}],"author":[{"embeddable":true,"href":"https:\/\/www.paul-guenther-schule.de\/index.php\/wp-json\/wp\/v2\/users\/1"}],"replies":[{"embeddable":true,"href":"https:\/\/www.paul-guenther-schule.de\/index.php\/wp-json\/wp\/v2\/comments?post=966"}],"version-history":[{"count":148,"href":"https:\/\/www.paul-guenther-schule.de\/index.php\/wp-json\/wp\/v2\/pages\/966\/revisions"}],"predecessor-version":[{"id":1734,"href":"https:\/\/www.paul-guenther-schule.de\/index.php\/wp-json\/wp\/v2\/pages\/966\/revisions\/1734"}],"wp:attachment":[{"href":"https:\/\/www.paul-guenther-schule.de\/index.php\/wp-json\/wp\/v2\/media?parent=966"}],"curies":[{"name":"wp","href":"https:\/\/api.w.org\/{rel}","templated":true}]}}